{"id":16793,"date":"2024-07-16T16:15:35","date_gmt":"2024-07-16T19:15:35","guid":{"rendered":"https:\/\/aelo.com.br\/edicoes-anteriores\/?page_id=16793"},"modified":"2024-07-16T16:15:35","modified_gmt":"2024-07-16T19:15:35","slug":"boletim-online-975","status":"publish","type":"page","link":"https:\/\/aelo.com.br\/edicoes-anteriores\/boletim-online-975\/","title":{"rendered":"Boletim Online 975"},"content":{"rendered":"\t\t<div data-elementor-type=\"wp-page\" data-elementor-id=\"16793\" class=\"elementor elementor-16793\" data-elementor-post-type=\"page\">\n\t\t\t\t<div class=\"elementor-element elementor-element-4f532f95 e-flex e-con-boxed e-con e-parent\" data-id=\"4f532f95\" data-element_type=\"container\" data-settings=\"{&quot;jet_parallax_layout_list&quot;:[]}\">\n\t\t\t\t\t<div class=\"e-con-inner\">\n\t\t\t\t<div class=\"elementor-element elementor-element-31f7a3bb elementor-widget elementor-widget-text-editor\" data-id=\"31f7a3bb\" data-element_type=\"widget\" data-widget_type=\"text-editor.default\">\n\t\t\t\t<div class=\"elementor-widget-container\">\n\t\t\t<style>\/*! elementor - v3.21.0 - 26-05-2024 *\/\n.elementor-widget-text-editor.elementor-drop-cap-view-stacked .elementor-drop-cap{background-color:#69727d;color:#fff}.elementor-widget-text-editor.elementor-drop-cap-view-framed .elementor-drop-cap{color:#69727d;border:3px solid;background-color:transparent}.elementor-widget-text-editor:not(.elementor-drop-cap-view-default) .elementor-drop-cap{margin-top:8px}.elementor-widget-text-editor:not(.elementor-drop-cap-view-default) .elementor-drop-cap-letter{width:1em;height:1em}.elementor-widget-text-editor .elementor-drop-cap{float:left;text-align:center;line-height:1;font-size:50px}.elementor-widget-text-editor .elementor-drop-cap-letter{display:inline-block}<\/style>\t\t\t\t\r\n<h1 style=\"text-align: center;\"><strong><span style=\"color: #0e5537;\">Aelo On<\/span><\/strong><\/h1>\r\n<h3 style=\"text-align: center;\"><strong>Informativo Peri\u00f3dico<\/strong><\/h3>\r\n<h2 style=\"text-align: center;\"><strong>Ano 23\u2013 N.\u00ba 975<\/strong><\/h2>\r\n<h3 style=\"text-align: center;\">S\u00e3o Paulo, 15 de Fevereiro de 2024<\/h3>\r\n\r\n<p class=\"p1\">No Brasil, \u00e9 costume dizer que \u201co ano s\u00f3 come\u00e7a depois do Carnaval\u201d. Tem gente que gosta dessa interrup\u00e7\u00e3o de atividades em nome do festival anual de alegria, classificando-a de um saud\u00e1vel lazer, e tem gente que n\u00e3o gosta. A interrup\u00e7\u00e3o costuma durar quatro dias na maioria das cidades brasileiras, mas h\u00e1 regi\u00f5es em que o Carnaval se estende por uma semana ou at\u00e9 por um m\u00eas inteiro.<\/p>\r\n\r\n<p class=\"p1\">Esta abertura da edi\u00e7\u00e3o n.\u00ba 975 do boletim AELO ON poderia ser lida ao som da linda \u201cMarcha de Quarta-Feira de Cinzas\u201d, de Vinicius de Moraes. O fato \u00e9 que l\u00e1 se foi o Carnaval deste ano. Bem-vindo, 2024!<\/p>\r\n[vc_custom_heading text=&#8221;Uma opini\u00e3o: Carnaval tem de ser menor\r\n&#8221; font_container=&#8221;tag:h2|text_align:center&#8221; google_fonts=&#8221;font_family:Montserrat%3Aregular%2C700|font_style:700%20bold%20regular%3A700%3Anormal&#8221; css=&#8221;.vc_custom_1707337315881{margin-top: 50px !important;}&#8221;]\r\n<p class=\"p1\">Roberto Livianu (foto), procurador de Justi\u00e7a no Minist\u00e9rio P\u00fablico do Estado de S\u00e3o Paulo (MP-SP), doutor em Direito pela USP, escritor, professor e palestrante, tamb\u00e9m idealizador e presidente do Instituto \u201cN\u00e3o aceito corrup\u00e7\u00e3o\u201d, escreveu artigo sob o t\u00edtulo \u201cO ano s\u00f3 come\u00e7a ap\u00f3s o Carnaval\u201d, publicado no \u201cEstad\u00e3o\u201d em 5 de fevereiro. No texto, Livianu abre o jogo: \u201cN\u00e3o podemos nos dar ao luxo de praticamente hibernarmos por t\u00e3o longos per\u00edodos, todos os anos, enquanto h\u00e1 tantos desafios nos campos pol\u00edtico, social e econ\u00f4mico\u201d.<\/p>\r\n\r\n<p class=\"p1\">No encerramento do seu artigo, Roberto Livianu se disp\u00f5e a ser um guerrilheiro contra a extens\u00e3o do Carnaval brasileiro, e argumenta: \u201c\u00c9 maravilhoso festejar e h\u00e1 artistas que brilham durante o Carnaval, que devem ser reconhecidos, assim como a riqueza econ\u00f4mica gerada pelos festejos \u00e9 socialmente importante. Mas n\u00e3o \u00e9 razo\u00e1vel que setores vitais de um pa\u00eds fiquem paralisados por tanto tempo. Em nenhum outro lugar do mundo \u00e9 assim. Se quisermos ser respeitados, urge um reposicionamento, e que comecemos a agir com mais seriedade como na\u00e7\u00e3o\u201d.<\/p>\r\n<p class=\"p1\">Livianu poder\u00e1 arregimentar adeptos \u00e0 sua ideia de um Carnaval menor, mas fica a pergunta: quais os pol\u00edticos que se atrever\u00e3o a apresentar um projeto de lei nesse sentido, sabendo que a rea\u00e7\u00e3o ser\u00e1 negativa numa enorme parcela da popula\u00e7\u00e3o? \u00c9 gente que vota e elege?<\/p>\r\n<p class=\"p1\">Ideias s\u00e3o ideias. Livianu recorreu a um espa\u00e7o democr\u00e1tico, num grande jornal, para lan\u00e7ar sua tese. Vamos aguardar 2025.<\/p>\r\n\r\n<p class=\"p1\">Na verdade, aconteceram in\u00fameros fatos, \u00e0s v\u00e9speras do Carnaval de 2024. Enquanto prosseguiam guerras na Europa e no Oriente M\u00e9dio, o Brasil encerrava as f\u00e9rias (ou recesso) dos tr\u00eas Poderes.<\/p>\r\n<p class=\"p1\">O presidente Luiz In\u00e1cio Lula da Silva descansou alguns dias na praia e, na volta a Bras\u00edlia, evitou comentar mais um lance de seu amigo Maduro, ditador da Venezuela, contra o retorno da democracia: que havia proibido as candidaturas de oposicionistas \u00e0s pr\u00f3ximas elei\u00e7\u00f5es presidenciais. Alguns dias depois, por meio de seu assessor Celso Amorim, ele enviou ao ditador uma t\u00edmida defesa de elei\u00e7\u00f5es leg\u00edtimas.<\/p>\r\n\r\n<p class=\"p1\">J\u00e1 despachando no Pal\u00e1cio do Planalto, Lula teve reuni\u00e3o importante com o governador de S\u00e3o Paulo \u2013 tema de uma das notas do AELO ON da semana passada \u2013 e atravessou a rua para prestigiar a abertura do ano no Supremo Tribunal Federal (STF), onde certamente agradeceu ao ministro Dias Toffoli pelas senten\u00e7as monocr\u00e1ticas de destrui\u00e7\u00e3o da Opera\u00e7\u00e3o Lava Jato. Em viagem a S\u00e3o Paulo, o presidente fez pol\u00edtica: acompanhou e discursou na cerim\u00f4nia da volta de Martha Suplicy ao PT para ser candidata a vice na chapa do candidato a prefeito de S\u00e3o Paulo Guilherme Boulos, por ele imposta, sem conven\u00e7\u00f5es.<\/p>\r\n<p class=\"p1\">Em Bras\u00edlia, prosseguiram as negocia\u00e7\u00f5es de Lula com as lideran\u00e7as do Senado e da C\u00e2mara de Deputados com vistas a v\u00e1rios projetos, a serem votados \u2013 claro \u2013 ap\u00f3s o Carnaval. Seu di\u00e1logo com o presidente da C\u00e2mara de Deputados, Arthur Lira, anda agitado.<\/p>\r\n<p class=\"p1\">E quem se lembra de Jos\u00e9 Dirceu, aquele do governo Lula 1 e do mensal\u00e3o, tendo Dias Toffoli como assessor antes de sofrer den\u00fancias de corrup\u00e7\u00e3o? Ele deu entrevista, dizendo que espera superar na Justi\u00e7a a condi\u00e7\u00e3o de ineleg\u00edvel e ser candidato a deputado em 2026.<\/p>\r\n<p class=\"p1\">A AELO, por sua vez, est\u00e1 ativa desde os primeiros dias de 2024, tanto por parte dos dirigentes quanto dos gestores e colaboradores nas a\u00e7\u00f5es administrativas e financeiras da sede. Houve uma parada somente no Carnaval. A sede reabriu ontem.<\/p>\r\n<p class=\"p1\">O presidente Caio Portugal definiu que o 1.\u00ba F\u00f3rum Nacional de Desenvolvimento Urbano, parceria da AELO com o \u201cEstad\u00e3o\u201d, ser\u00e1 em 19 de mar\u00e7o, das 9 \u00e0s 12 horas, no Milenium Centro de Conven\u00e7\u00f5es, em S\u00e3o Paulo. O projeto do evento est\u00e1 pronto. Prosseguem as reuni\u00f5es entre as duas partes para acertar os \u00faltimos detalhes. Na semana seguinte, haver\u00e1 no dia 28 primeira reuni\u00e3o de 2024 do Comit\u00ea de Desenvolvimento Urbano (AELO, Secovi-SP e SindusCon-SP).<\/p>\r\n<p class=\"p1\">E o futebol tenta provar que n\u00e3o segue o h\u00e1bito nacional de deixar tudo para depois do Carnaval: decidiu seu primeiro t\u00edtulo, o da Supercopa do Brasil, j\u00e1 em 4 de fevereiro, uma semana antes dos desfiles das escolas de samba. O S\u00e3o Paulo foi campe\u00e3o, derrotando o Palmeiras nos p\u00eanaltis, ap\u00f3s empate de 0 a 0 na partida, em Belo Horizonte.<\/p>\r\n\r\n<p class=\"p1\">Na sequ\u00eancia da repercuss\u00e3o de decis\u00f5es monocr\u00e1ticas de Dias Toffoli contra a Opera\u00e7\u00e3o Lava Jato e, recentemente, da infundada acusa\u00e7\u00e3o do ministro do STF contra a ONG Transpar\u00eancia Internacional que o havia citado em relat\u00f3rio sobre a corrup\u00e7\u00e3o universal, a jornalista Raquel Landim escreveu excelente artigo, aqui reproduzido.<\/p>\r\n<p class=\"p1\">Raquel Landim, experiente jornalista, \u00e9 \u00e2ncora de programas da TV CNN Brasil. Seu artigo \u201cLegado de Toffoli \u00e9 minar a confian\u00e7a no Brasil\u201d foi publicado no alto da p\u00e1gina 2 do Caderno de Economia do \u201cEstad\u00e3o\u201d, em 6 de fevereiro.<\/p>\r\n<p class=\"p2\">Os editores da AELO ON compartilham com os leitores do boletim, a seguir, o texto de Raquel e, em seguida, os esclarecimentos da ONG Transpar\u00eancia Brasil em contesta\u00e7\u00e3o a Dias Toffoli. Trata-se de uma evolu\u00e7\u00e3o dos temas focalizados em editorial do \u201cEstad\u00e3o\u201d de 3 de fevereiro, \u201cO STF insulta os brasileiros\u201d, reproduzido no AELO ON da semana passada.<\/p>\r\n<p class=\"p1\">Formada pela Universidade de S\u00e3o Paulo (USP), Raquel Landim trabalhou nos jornais \u201cEstad\u00e3o\u201d, \u201cFolha\u201d e \u201cValor Econ\u00f4mico\u201d, antes de chegar \u00e0 CNN Brasil. Na TV, ela se destaca pela vis\u00e3o cr\u00edtica\u00a0\u2013\u00a0tanto na cobertura do governo Lula quanto ocorreu no per\u00edodo de Jair Bolsonaro.<\/p>\r\n\r\n<p class=\"p1\">Esta foto \u00e9 da sede do Supremo Tribunal Federal (STF), situada na Pra\u00e7a dos Tr\u00eas Poderes, ao lado do Pal\u00e1cio do Planalto e do Congresso Nacional, em Bras\u00edlia. E este \u00e9 o artigo de Raquel Landim:<\/p>\r\n<p class=\"p3\"><b><i>Quando, em setembro de 2023, o ministro\u00a0<\/i><\/b><a href=\"https:\/\/www.estadao.com.br\/tudo-sobre\/dias-toffoli\/\"><span class=\"s1\"><b><i>Dias Toffoli<\/i><\/b><\/span><\/a><span class=\"s1\"><b><i>\u00a0<\/i><\/b><\/span><b><i>carregou nas tintas em seu desagravo ao presidente\u00a0<\/i><\/b><a href=\"https:\/\/www.estadao.com.br\/tudo-sobre\/lula-luiz-inacio-lula-da-silva\/\"><span class=\"s1\"><b><i>Lula da Silva<\/i><\/b><\/span><\/a><b><i>\u00a0e anulou as provas da dela\u00e7\u00e3o da\u00a0<\/i><\/b><a href=\"https:\/\/www.estadao.com.br\/tudo-sobre\/odebrecht\/\"><span class=\"s1\"><b><i>Odebrecht<\/i><\/b><\/span><\/a><b><i>, pairavam muitas d\u00favidas sobre as repercuss\u00f5es da sua decis\u00e3o.<\/i><\/b><\/p>\r\n<p class=\"p3\"><b><i>Passados cinco meses, est\u00e1 mais clara a estrat\u00e9gia das empresas e dos executivos que foram pegos nos esquemas de corrup\u00e7\u00e3o revelados pela Opera\u00e7\u00e3o Lava Jato e outras investiga\u00e7\u00f5es correlatas.<\/i><\/b><\/p>\r\n<p class=\"p3\"><b><i>A\u00a0<\/i><\/b><a href=\"https:\/\/www.estadao.com.br\/tudo-sobre\/jbs\/\"><span class=\"s1\"><b><i>J&amp;F<\/i><\/b><\/span><\/a><b><i>\u00a0abriu a fila, pedindo suspens\u00e3o do pagamento de multa bilion\u00e1ria para ter acesso aos dados da Opera\u00e7\u00e3o Spoofing, e classificando aquele primeiro agrado a Lula (cuja pris\u00e3o o ministro chamou de \u201carma\u00e7\u00e3o\u201d) como \u201cdecis\u00e3o paradigma\u201d por reconhecer os abusos da Lava Jato.<\/i><\/b><\/p>\r\n<p class=\"p3\"><b><i>Foi o suficiente para que Toffoli entendesse que havia \u201cd\u00favida razo\u00e1vel\u201d se os irm\u00e3os Joesley e Wesley Batista tinham, espontaneamente, confessado seus crimes e aceitado pagar multa para se livrar deles. Isso a despeito de terem gravado autoridades e n\u00e3o estarem presos quando assinaram os acordos.<\/i><\/b><\/p>\r\n<p class=\"p3\"><b><i>Uma vez aceita, a tese vale n\u00e3o s\u00f3 para a J&amp;F (cliente do escrit\u00f3rio da mulher de Toffoli), mas para qualquer outra empresa. N\u00e3o \u00e9 \u00e0 toa que a pr\u00f3pria Odebrecht tamb\u00e9m pediu e levou a suspens\u00e3o da sua multa.<\/i><\/b><\/p>\r\n<p class=\"p3\"><b><i>L\u00e9o Pinheiro, presidente da OAS naquela \u00e9poca, foi atr\u00e1s. A fila \u00e9 grande. S\u00e3o bilh\u00f5es e bilh\u00f5es que podem deixar de ser devolvidos aos cofres p\u00fablicos. Na J&amp;F, R$ 10 bilh\u00f5es; na Odebrecht, R$ 6,8 bilh\u00f5es (atualizados); L\u00e9o Pinheiro, R$ 45 milh\u00f5es\u2026 e por a\u00ed vai.<\/i><\/b><\/p>\r\n<p class=\"p3\"><b><i>Importante notar que as empresas n\u00e3o querem rasgar os acordos, porque eles garantem seguran\u00e7a jur\u00eddica e permitem participa\u00e7\u00e3o em licita\u00e7\u00f5es p\u00fablicas. O que elas querem \u00e9 renegociar valores, e, para isso, os pagamentos suspensos s\u00e3o uma ajuda e tanto na hora de barganhar com as autoridades.<\/i><\/b><\/p>\r\n<p class=\"p3\"><b><i>At\u00e9 agora a Procuradoria-Geral da Rep\u00fablica (PGR) n\u00e3o recorreu, o caso n\u00e3o foi para a an\u00e1lise da turma, nem ao plen\u00e1rio do Supremo Tribunal Federal (STF). Fica tudo pendurado em cima de decis\u00f5es de um \u00fanico juiz.<\/i><\/b><\/p>\r\n<p class=\"p3\"><b><i>O principal problema, contudo, nem \u00e9 o dinheiro que deixar\u00e1 de entrar para o er\u00e1rio. Ao apagar as consequ\u00eancias da corrup\u00e7\u00e3o e aliviar a situa\u00e7\u00e3o de corruptores e corrompidos, o ministro Dias Toffoli deixa um legado de falta de confian\u00e7a no Brasil.<\/i><\/b><\/p>\r\n<p class=\"p3\"><b><i>N\u00e3o s\u00f3 estrangeiros, mas brasileiros voltam a duvidar da capacidade das suas institui\u00e7\u00f5es de investigar e punir. Autoridades preferiram criticar o term\u00f4metro e o ministro Toffoli chegou a abrir uma investiga\u00e7\u00e3o contra a ONG Transpar\u00eancia Internacional, mas minar a credibilidade de um pa\u00eds afeta severamente n\u00e3o s\u00f3 a economia, mas a pr\u00f3pria democracia. J\u00e1 dever\u00edamos ter aprendido com a Hist\u00f3ria.<\/i><\/b><\/p>\r\n<p class=\"p1\"><b>Com a palavra, a Transpar\u00eancia Internacional:<\/b><\/p>\r\n<p class=\"p2\"><i>S\u00e3o falsas as informa\u00e7\u00f5es de que valores recuperados atrav\u00e9s de acordos de leni\u00eancia seriam recebidos ou gerenciados pela organiza\u00e7\u00e3o.<\/i><\/p>\r\n<p class=\"p2\"><i>A Transpar\u00eancia Internacional jamais recebeu ou receberia, direta ou indiretamente, qualquer recurso do acordo de leni\u00eancia do grupo J&amp;F ou de qualquer acordo de leni\u00eancia no Brasil. A organiza\u00e7\u00e3o tampouco teria \u2013 e jamais pleiteou \u2013 qualquer papel de gest\u00e3o de tais recursos. Atrav\u00e9s de acordos formais e p\u00fablicos, que vedavam explicitamente o repasse de recursos \u00e0 organiza\u00e7\u00e3o, a Transpar\u00eancia Internacional \u2013 Brasil produziu e apresentou estudo t\u00e9cnico com princ\u00edpios, diretrizes e melhores pr\u00e1ticas de transpar\u00eancia e governan\u00e7a para a destina\u00e7\u00e3o de \u201crecursos compensat\u00f3rios\u201d (multas e recupera\u00e7\u00e3o de ativos) em casos de corrup\u00e7\u00e3o. O relat\u00f3rio inclu\u00eda recomenda\u00e7\u00e3o de que o Minist\u00e9rio P\u00fablico n\u00e3o deveria ter envolvimento na gest\u00e3o destes recursos. O estudo e as recomenda\u00e7\u00f5es n\u00e3o tiveram e n\u00e3o t\u00eam qualquer car\u00e1ter vinculante ou decis\u00f3rio. O Memorando de Entendimento que estabeleceu esta coopera\u00e7\u00e3o expirou em dezembro de 2019 e n\u00e3o foi renovado, encerrando qualquer participa\u00e7\u00e3o da Transpar\u00eancia Internacional.<\/i><\/p>\r\n<p class=\"p2\"><i>Tais alega\u00e7\u00f5es j\u00e1 foram desmentidas diversas vezes pela pr\u00f3pria Transpar\u00eancia Internacional e por autoridades brasileiras, inclusive pelo Minist\u00e9rio P\u00fablico Federal. Apesar disso, estas fake news v\u00eam sendo utilizadas h\u00e1 quase cinco anos em graves e crescentes campanhas de difama\u00e7\u00e3o e ass\u00e9dio \u00e0 organiza\u00e7\u00e3o.<\/i><\/p>\r\n<p class=\"p2\"><i>Rea\u00e7\u00f5es hostis ao trabalho anticorrup\u00e7\u00e3o da Transpar\u00eancia Internacional s\u00e3o cada vez mais graves e comuns, em diversas partes do mundo. Ataques \u00e0s vozes cr\u00edticas na sociedade, que denunciam a corrup\u00e7\u00e3o e a impunidade de poderosos, n\u00e3o podem ser naturalizados.<\/i><\/p>\r\n<p class=\"p2\"><i>Seguiremos cumprindo nosso papel na promo\u00e7\u00e3o da transpar\u00eancia e da integridade no Brasil e no mundo.<\/i><\/p>\r\n\r\n<p class=\"p1\">J\u00e1 que \u00e9 para modernizar, adotando a criatividade, sem desrespeitar a l\u00f3gica dos fatos, a ag\u00eancia 6P de Marketing e Propaganda, parceira da AELO, est\u00e1 mexendo tamb\u00e9m no visual do Beto Legal, mascote criado em 2022 para popularizar a campanha Lote Legal, lan\u00e7ada pela AELO, no combate aos loteamentos irregulares ou clandestinos.<\/p>\r\n<p class=\"p1\">O nome Beto Legal ser\u00e1 mantido. Dever\u00e3o mudar apenas alguns detalhes do personagem fict\u00edcio, em compara\u00e7\u00e3o com o que aparece, h\u00e1 quase dois anos, na propaganda da atual campanha Lote Legal e que surge nesta foto.<\/p>\r\n\r\n<p class=\"p1\">Dentro de alguns dias, a nova imagem ser\u00e1 definida pela 6P e analisada pelos diretores da AELO. Em seguida, o AELO ON e as m\u00eddias sociais divulgar\u00e3o o novo Beto Legal.<\/p>\r\n<p class=\"p1\">O AELO ON da semana passada deu destaque ao trabalho da 6P para preparar o novo site da AELO. O lan\u00e7amento far\u00e1 parte dos eventos de comemora\u00e7\u00e3o do 43.\u00ba anivers\u00e1rio da entidade. A AELO foi fundada em 24 de fevereiro de 1981, em S\u00e3o Paulo.<\/p>\r\n\r\n<p class=\"p1\">A Prefeitura do munic\u00edpio de Nova Petr\u00f3polis, na Serra Ga\u00facha, instalou recentemente uma placa (foto) informando sobre a situa\u00e7\u00e3o irregular de um loteamento que fica no Canto Maciel, no Ninho das \u00c1guias. De acordo com a administra\u00e7\u00e3o municipal, a ideia \u00e9 inibir a venda de terrenos irregulares, j\u00e1 iniciada naquele local.<\/p>\r\n\r\n<p class=\"p1\">O jornal \u201cDi\u00e1rio da Encosta da Serra\u201d deu amplo destaque \u00e0 not\u00edcia, contribuindo para alertar os compradores de lotes na regi\u00e3o.<\/p>\r\n<p class=\"p2\">De acordo com a legisla\u00e7\u00e3o federal e com regras do Estado do Rio Grande do Sul, \u00e9 proibida a comercializa\u00e7\u00e3o e execu\u00e7\u00e3o de obras em loteamentos irregulares ou clandestinos. A Prefeitura de Nova Petr\u00f3polis tenta impor essas restri\u00e7\u00f5es, em nome dos seus interesses, como exemplo aos seus <span class=\"Apple-converted-space\">\u00a0 <\/span>cidad\u00e3os. A constru\u00e7\u00e3o de novos im\u00f3veis est\u00e1 sujeita a embargo, interdi\u00e7\u00e3o ou demoli\u00e7\u00e3o, conforme explica a Secretaria Municipal de Planejamento.<\/p>\r\n\r\n<p class=\"p1\">Nova Petr\u00f3polis (foto), munic\u00edpio de quase 25 mil habitantes (dados do Censo de 2022), \u00e9 um dos recantos da Serra Ga\u00facha, situada no Nordeste do Rio Grande do Sul. A regi\u00e3o conta principalmente com os munic\u00edpios de Caxias do Sul, Garibaldi, Bento Gon\u00e7alves, Gramado e Canela, de clima agrad\u00e1vel, de produ\u00e7\u00e3o de vinhos e de frutas, e que \u00e9 bastante visitada por turistas.<\/p>\r\n\r\n<p class=\"p1\">A decis\u00e3o da Prefeitura de Nova Petr\u00f3polis de acirrar o combate aos loteamentos clandestinos ou irregulares foi inspirada em a\u00e7\u00f5es do Minist\u00e9rio P\u00fablico do Rio Grande do Sul (MP-RS) em Caxias do Sul, onde o problema j\u00e1 foi mais grave.<\/p>\r\n<p class=\"p1\">A campanha Lote Legal, da AELO, em parceria com institui\u00e7\u00f5es do poder p\u00fablico e do setor imobili\u00e1rio, lan\u00e7ada h\u00e1 dois anos e meio, vem atraindo o interesse de in\u00fameras prefeituras em aderir ao movimento. A primeira foi a Prefeitura de Campinas, que firmou acordo com a AELO em maio de 2022. Essa campanha conta com site pr\u00f3prio, <a href=\"http:\/\/www.lotelegal.com.br\"><span class=\"s1\">www.lotelegal.com.br<\/span><\/a>, em que est\u00e3o veiculadas orienta\u00e7\u00f5es valiosas para o p\u00fablico, caso da Cartilha do Comprador de Lote \u2013 que ensina a evitar riscos.<\/p>\r\n<p class=\"p1\">O site \u00e9 atualizado semanalmente, com a inclus\u00e3o de not\u00edcias num blog, como estes fatos ocorridos no Rio Grande do Sul no in\u00edcio de 2024.<\/p>\r\n\r\n<p class=\"p1\">O empres\u00e1rio Basilio Jafet (foto), do Grupo Jafet, presidente do Secovi-SP de 2019 a 2022, atualmente vice-presidente de Rela\u00e7\u00f5es Institucionais, escreveu o artigo \u201cN\u00f3s e o efeito borboleta\u201d, publicado pelo jornal \u201cEstad\u00e3o\u201d em 29 de janeiro.<\/p>\r\n\r\n<p class=\"p1\">O AELO ON reproduz, a seguir, o texto de Basilio Jafet:<\/p>\r\n<p class=\"p1\"><b><i>A vida \u00e9 resultado de causa e efeito. Fruto de escolhas boas ou m\u00e1s; s\u00e1bias ou insanas. Diante do atual panorama global, fica dif\u00edcil n\u00e3o resgatar o termo \u201cefeito borboleta\u201d, origin\u00e1rio da teoria do caos: pequenas mudan\u00e7as de um sistema local podem gerar consequ\u00eancias significativas e em larga escala em lugares distantes; crises econ\u00f4micas em uma regi\u00e3o podem repercutir em todo o mundo, afetando mercados globais e emprego.<\/i><\/b><\/p>\r\n<p class=\"p1\"><b><i>Com a globaliza\u00e7\u00e3o, esse \u201cefeito\u201d ganhou maior estrutura. Com a internet, musculatura e voz. Decis\u00f5es pol\u00edticas em um pa\u00eds podem desencadear rea\u00e7\u00f5es em cadeia em termos de rela\u00e7\u00f5es internacionais, com\u00e9rcio global e estabilidade econ\u00f4mica.<\/i><\/b><\/p>\r\n<p class=\"p1\"><b><i>As duas guerras hoje em marcha s\u00e3o foco de aten\u00e7\u00e3o e tens\u00e3o em \u00e2mbito planet\u00e1rio. Os conflitos R\u00fassia-Ucr\u00e2nia e Israel-Hamas se mostram longe de uma solu\u00e7\u00e3o sensata. Muitas vidas seguir\u00e3o vitimadas pela aus\u00eancia de conc\u00f3rdia. Interesses sobrep\u00f5em-se \u00e0 defesa de valores fundamentais.<\/i><\/b><\/p>\r\n<p class=\"p1\"><b><i>Organismos internacionais n\u00e3o se mostram suficientes para manter a paz no mundo. As rela\u00e7\u00f5es EUA-China remetem aos tempos da guerra fria, fazendo desejar que Henry Kissinger pudesse ganhar mais um s\u00e9culo de vida para organizar a situa\u00e7\u00e3o. E, n\u00e3o bastasse\u00a0 tudo isso, a Venezuela avan\u00e7a sobre a Guiana apoiada em \u201cplebiscito\u201d que aprovou a cria\u00e7\u00e3o do Estado de Essequibo.<\/i><\/b><\/p>\r\n<p class=\"p1\"><b><i>Neste mundo complexo, a solu\u00e7\u00e3o pol\u00edtica pela guerra \u00e9 insustent\u00e1vel. Provoca \u00f3dio e radicalismo extremos. Transforma cora\u00e7\u00f5es e mentes. Al\u00e9m de ser cara em vidas, \u00e9 danosa em termos econ\u00f4micos, com sequelas que se perpetuam por gera\u00e7\u00f5es.<\/i><\/b><\/p>\r\n<p class=\"p3\"><b><i>E falando em gera\u00e7\u00f5es, o cen\u00e1rio de guerras afeta as imprescind\u00edveis discuss\u00f5es e negocia\u00e7\u00e3o de medidas para lidar com as mudan\u00e7as clim\u00e1ticas globais. Recentemente, a 28.\u00aa sess\u00e3o da COP \u2013 confer\u00eancia das Na\u00e7\u00f5es Unidas dedicada ao tema \u2013 foi realizada em Dubai, nos Emirados \u00c1rabes Unidos (EAU).<\/i><\/b><\/p>\r\n<p class=\"p3\"><b><i>A COP-30 est\u00e1 programada para acontecer no Brasil (Bel\u00e9m do Par\u00e1). Mas a defini\u00e7\u00e3o do Azerbaij\u00e3o como pa\u00eds-sede da COP-29 tardou a acontecer, e isso em virtude das tens\u00f5es pol\u00edticas ao redor do mundo, especialmente no Leste Europeu, onde se esperava que fosse realizada. No imbr\u00f3glio surgiu at\u00e9 mesmo a hip\u00f3tese \u2013 afastada \u2013 de os EAU sediarem novamente o evento, o que representaria uma ruptura no saud\u00e1vel sistema de rotatividade de pa\u00edses-sede. Enfim, um f\u00f3rum crucial para o futuro da humanidade se submeteu a dificuldades que n\u00e3o estariam no radar n\u00e3o fosse o bater das asas da borboleta. E esse \u00e9 apenas mais um exemplo.<\/i><\/b><\/p>\r\n<p class=\"p3\"><b><i>Interessante observar que em alguns pa\u00edses a maioria dos cidad\u00e3os parece pouco preocupada. S\u00e3o pessoas que est\u00e3o voltadas para si, caso caracter\u00edstico de norte-americanos e brasileiros. S\u00f3 reagem mediante as consequ\u00eancias, como aumento do custo de vida e desemprego. E nem sequer levam em conta que no fulcro dessas dissens\u00f5es est\u00e3o em jogo valores como liberdade e democracia, ambas a exigir vigil\u00e2ncia e exerc\u00edcio cont\u00ednuos.<\/i><\/b><\/p>\r\n<p class=\"p3\"><b><i>\u00c9 sempre bom lembrar que, como definiu Winston Churchill, democracia \u201c\u00e9 a pior forma de governo que existe, \u00e0 exce\u00e7\u00e3o de todas as outras\u201d. O autoritarismo, que depende da alimenta\u00e7\u00e3o constante de seus agentes e subjuga\u00e7\u00e3o perene de boa parte da popula\u00e7\u00e3o, n\u00e3o \u00e9 sustent\u00e1vel em um mundo onde o acesso \u00e0 informa\u00e7\u00e3o \u00e9 muito maior. Al\u00e9m disso, o ser humano \u2013 empreendedor por natureza \u2013 precisa de espa\u00e7o para atuar; sabe que o estatismo puro n\u00e3o funciona e tolhe o progresso.<\/i><\/b><\/p>\r\n<p class=\"p3\"><b><i>Aqueles que amam a liberdade de empreender e viver est\u00e3o atentos aos recentes epis\u00f3dios que a amea\u00e7am.<\/i><\/b><\/p>\r\n<p class=\"p1\"><b><i>As na\u00e7\u00f5es precisam ser conduzidas com coer\u00eancia e respeito a princ\u00edpios e valores, a exemplo do direito de propriedade e seguran\u00e7a jur\u00eddica. O posicionamento contra invas\u00f5es territoriais e terrorismo tem de ser claro, firme e inegoci\u00e1vel. Compadrios e objetivos pol\u00edticos circunstanciais n\u00e3o podem prevalecer.<\/i><\/b><\/p>\r\n<p class=\"p1\"><b><i>Precisamos lutar incansavelmente e perenemente pelos princ\u00edpios democr\u00e1ticos e da diplomacia por meios pac\u00edficos. Uma jornada que homens de bem t\u00eam de fazer juntos.<\/i><\/b><\/p>\r\n<p class=\"p1\"><b><i>Os conflitos armados em andamento chamam nossa consci\u00eancia. Ser\u00e1 que n\u00e3o aprendemos nada com as duas grandes guerras, com a guerra fria, com a polariza\u00e7\u00e3o? Quando vamos entender que atitudes, pequenas ou grandes, atingem a todos? At\u00e9 quando aceitaremos soberanos buscando mais soberania, por meio de conflitos armados? A premissa de que \u201ca paz \u00e9 uma concess\u00e3o do mais forte\u201d prevalecer\u00e1?<\/i><\/b><\/p>\r\n<p class=\"p1\"><b><i>Certa vez li um texto sobre a teoria do caos que fez muito sentido. Ao desviar de uma bola que chegou \u00e0 rodovia, e logicamente deduzindo que atr\u00e1s dela correria uma crian\u00e7a, o motorista desviou e, para evitar o pior, o caminh\u00e3o que vinha em sentido contr\u00e1rio terminou tombando. A carga de produtos qu\u00edmicos que transportava se espalhou, contaminando solo e rio, matando flora e fauna, destruindo amplo per\u00edmetro.<\/i><\/b><\/p>\r\n<p class=\"p4\"><b><i>Passou da hora de assumirmos de forma intransigente as premissas do consequencialismo. Prestemos aten\u00e7\u00e3o no bater das nossas asas. Por palavras, a\u00e7\u00f5es ou omiss\u00f5es, somos nossos efeitos. Que o senso de responsabilidade predomine e evite o mal maior.<\/i><\/b><\/p>\r\n\r\n<p class=\"p1\">Faltam dois meses para mais uma edi\u00e7\u00e3o do principal evento de conte\u00fado da constru\u00e7\u00e3o no Brasil. Em 2024, o Encontro Nacional da Ind\u00fastria da Constru\u00e7\u00e3o (ENIC) chega \u00e0 sua 98.\u00aa edi\u00e7\u00e3o e novamente se une \u00e0 FEICON, a feira mais completa do setor da Am\u00e9rica Latina. O encontro ser\u00e1 em S\u00e3o Paulo, de\u00a02 a 5 de abril. O local escolhido: o centro de eventos S\u00e3o Paulo Expo, situado junto ao in\u00edcio da Rodovia dos Imigrantes.<\/p>\r\n<p class=\"p1\">O ENIC, promovido pela C\u00e2mara Brasileira da Ind\u00fastria da Constru\u00e7\u00e3o (CBIC), \u00e0 qual a AELO \u00e9 filiada, deve reunir milhares de profissionais do setor, proporcionando uma experi\u00eancia de inova\u00e7\u00e3o, conhecimento e networking em um s\u00f3 lugar.<\/p>\r\n\r\n<p class=\"p1\">Os participantes ter\u00e3o acesso a debates estrat\u00e9gicos com renomados especialistas, al\u00e9m de interagir com os principais atores p\u00fablicos e privados da ind\u00fastria.<\/p>\r\n<p class=\"p2\">O 98.\u00ba ENIC ser\u00e1 uma oportunidade para os profissionais se conectarem com as principais tend\u00eancias e se atualizarem sobre as transforma\u00e7\u00f5es e inova\u00e7\u00f5es do setor. As inscri\u00e7\u00f5es est\u00e3o abertas: <a href=\"http:\/\/www.cbic.org.br\"><span class=\"s1\">www.cbic.org.br<\/span><\/a>.<\/p>\r\n<strong>AELO: (11) 3289-1788<\/strong><strong>\u00a0\u00a0\u00a0\u00a0\u00a0\u00a0\u00a0 <\/strong><a href=\"https:\/\/aeloon.anfiexpress.com.br\">www.aelo.com.br<\/a>\t\t\t\t\t\t<\/div>\n\t\t\t\t<\/div>\n\t\t\t\t\t<\/div>\n\t\t\t\t<\/div>\n\t\t\t\t<\/div>\n\t\t","protected":false},"excerpt":{"rendered":"<p>Aelo On Informativo Peri\u00f3dico Ano 23\u2013 N.\u00ba 975 S\u00e3o Paulo, 15 de Fevereiro de 2024 No Brasil, \u00e9 costume dizer que \u201co ano s\u00f3 come\u00e7a depois do Carnaval\u201d. Tem gente que gosta dessa interrup\u00e7\u00e3o de atividades em nome do festival anual de alegria, classificando-a de um saud\u00e1vel lazer, e tem gente que n\u00e3o gosta. A [&hellip;]<\/p>\n","protected":false},"author":2,"featured_media":0,"parent":0,"menu_order":0,"comment_status":"closed","ping_status":"closed","template":"","meta":{"footnotes":""},"yoast_head":"<!-- This site is optimized with the Yoast SEO Premium plugin v22.8 (Yoast SEO v22.8) - https:\/\/yoast.com\/wordpress\/plugins\/seo\/ -->\n<title>Boletim Online 975 - Aelo<\/title>\n<meta name=\"robots\" content=\"index, follow, max-snippet:-1, max-image-preview:large, max-video-preview:-1\" \/>\n<link rel=\"canonical\" href=\"https:\/\/aelo.com.br\/edicoes-anteriores\/boletim-online-975\/\" \/>\n<meta property=\"og:locale\" content=\"pt_BR\" \/>\n<meta property=\"og:type\" content=\"article\" \/>\n<meta property=\"og:title\" content=\"Boletim Online 975\" \/>\n<meta property=\"og:description\" content=\"Aelo On Informativo Peri\u00f3dico Ano 23\u2013 N.\u00ba 975 S\u00e3o Paulo, 15 de Fevereiro de 2024 No Brasil, \u00e9 costume dizer que \u201co ano s\u00f3 come\u00e7a depois do Carnaval\u201d. Tem gente que gosta dessa interrup\u00e7\u00e3o de atividades em nome do festival anual de alegria, classificando-a de um saud\u00e1vel lazer, e tem gente que n\u00e3o gosta. A [&hellip;]\" \/>\n<meta property=\"og:url\" content=\"https:\/\/aelo.com.br\/edicoes-anteriores\/boletim-online-975\/\" \/>\n<meta property=\"og:site_name\" content=\"Aelo\" \/>\n<meta name=\"twitter:card\" content=\"summary_large_image\" \/>\n<meta name=\"twitter:label1\" content=\"Est. tempo de leitura\" \/>\n\t<meta name=\"twitter:data1\" content=\"18 minutos\" \/>\n<script type=\"application\/ld+json\" class=\"yoast-schema-graph\">{\"@context\":\"https:\/\/schema.org\",\"@graph\":[{\"@type\":\"WebPage\",\"@id\":\"https:\/\/aelo.com.br\/edicoes-anteriores\/boletim-online-975\/\",\"url\":\"https:\/\/aelo.com.br\/edicoes-anteriores\/boletim-online-975\/\",\"name\":\"Boletim Online 975 - Aelo\",\"isPartOf\":{\"@id\":\"https:\/\/aelo.com.br\/edicoes-anteriores\/#website\"},\"datePublished\":\"2024-07-16T19:15:35+00:00\",\"dateModified\":\"2024-07-16T19:15:35+00:00\",\"breadcrumb\":{\"@id\":\"https:\/\/aelo.com.br\/edicoes-anteriores\/boletim-online-975\/#breadcrumb\"},\"inLanguage\":\"pt-BR\",\"potentialAction\":[{\"@type\":\"ReadAction\",\"target\":[\"https:\/\/aelo.com.br\/edicoes-anteriores\/boletim-online-975\/\"]}]},{\"@type\":\"BreadcrumbList\",\"@id\":\"https:\/\/aelo.com.br\/edicoes-anteriores\/boletim-online-975\/#breadcrumb\",\"itemListElement\":[{\"@type\":\"ListItem\",\"position\":1,\"name\":\"In\u00edcio\",\"item\":\"https:\/\/aelo.com.br\/edicoes-anteriores\/\"},{\"@type\":\"ListItem\",\"position\":2,\"name\":\"Boletim Online 975\"}]},{\"@type\":\"WebSite\",\"@id\":\"https:\/\/aelo.com.br\/edicoes-anteriores\/#website\",\"url\":\"https:\/\/aelo.com.br\/edicoes-anteriores\/\",\"name\":\"Aelo\",\"description\":\"Associa\u00e7\u00e3o das Empresas de Loteamento e Desenvolvimento Urbano\",\"publisher\":{\"@id\":\"https:\/\/aelo.com.br\/edicoes-anteriores\/#organization\"},\"potentialAction\":[{\"@type\":\"SearchAction\",\"target\":{\"@type\":\"EntryPoint\",\"urlTemplate\":\"https:\/\/aelo.com.br\/edicoes-anteriores\/?s={search_term_string}\"},\"query-input\":\"required name=search_term_string\"}],\"inLanguage\":\"pt-BR\"},{\"@type\":\"Organization\",\"@id\":\"https:\/\/aelo.com.br\/edicoes-anteriores\/#organization\",\"name\":\"Aelo\",\"url\":\"https:\/\/aelo.com.br\/edicoes-anteriores\/\",\"logo\":{\"@type\":\"ImageObject\",\"inLanguage\":\"pt-BR\",\"@id\":\"https:\/\/aelo.com.br\/edicoes-anteriores\/#\/schema\/logo\/image\/\",\"url\":\"https:\/\/aelo.com.br\/edicoes-anteriores\/wp-content\/uploads\/2024\/03\/logo-bk.svg\",\"contentUrl\":\"https:\/\/aelo.com.br\/edicoes-anteriores\/wp-content\/uploads\/2024\/03\/logo-bk.svg\",\"width\":159,\"height\":39,\"caption\":\"Aelo\"},\"image\":{\"@id\":\"https:\/\/aelo.com.br\/edicoes-anteriores\/#\/schema\/logo\/image\/\"}}]}<\/script>\n<!-- \/ Yoast SEO Premium plugin. -->","yoast_head_json":{"title":"Boletim Online 975 - Aelo","robots":{"index":"index","follow":"follow","max-snippet":"max-snippet:-1","max-image-preview":"max-image-preview:large","max-video-preview":"max-video-preview:-1"},"canonical":"https:\/\/aelo.com.br\/edicoes-anteriores\/boletim-online-975\/","og_locale":"pt_BR","og_type":"article","og_title":"Boletim Online 975","og_description":"Aelo On Informativo Peri\u00f3dico Ano 23\u2013 N.\u00ba 975 S\u00e3o Paulo, 15 de Fevereiro de 2024 No Brasil, \u00e9 costume dizer que \u201co ano s\u00f3 come\u00e7a depois do Carnaval\u201d. Tem gente que gosta dessa interrup\u00e7\u00e3o de atividades em nome do festival anual de alegria, classificando-a de um saud\u00e1vel lazer, e tem gente que n\u00e3o gosta. A [&hellip;]","og_url":"https:\/\/aelo.com.br\/edicoes-anteriores\/boletim-online-975\/","og_site_name":"Aelo","twitter_card":"summary_large_image","twitter_misc":{"Est. tempo de leitura":"18 minutos"},"schema":{"@context":"https:\/\/schema.org","@graph":[{"@type":"WebPage","@id":"https:\/\/aelo.com.br\/edicoes-anteriores\/boletim-online-975\/","url":"https:\/\/aelo.com.br\/edicoes-anteriores\/boletim-online-975\/","name":"Boletim Online 975 - Aelo","isPartOf":{"@id":"https:\/\/aelo.com.br\/edicoes-anteriores\/#website"},"datePublished":"2024-07-16T19:15:35+00:00","dateModified":"2024-07-16T19:15:35+00:00","breadcrumb":{"@id":"https:\/\/aelo.com.br\/edicoes-anteriores\/boletim-online-975\/#breadcrumb"},"inLanguage":"pt-BR","potentialAction":[{"@type":"ReadAction","target":["https:\/\/aelo.com.br\/edicoes-anteriores\/boletim-online-975\/"]}]},{"@type":"BreadcrumbList","@id":"https:\/\/aelo.com.br\/edicoes-anteriores\/boletim-online-975\/#breadcrumb","itemListElement":[{"@type":"ListItem","position":1,"name":"In\u00edcio","item":"https:\/\/aelo.com.br\/edicoes-anteriores\/"},{"@type":"ListItem","position":2,"name":"Boletim Online 975"}]},{"@type":"WebSite","@id":"https:\/\/aelo.com.br\/edicoes-anteriores\/#website","url":"https:\/\/aelo.com.br\/edicoes-anteriores\/","name":"Aelo","description":"Associa\u00e7\u00e3o das Empresas de Loteamento e Desenvolvimento Urbano","publisher":{"@id":"https:\/\/aelo.com.br\/edicoes-anteriores\/#organization"},"potentialAction":[{"@type":"SearchAction","target":{"@type":"EntryPoint","urlTemplate":"https:\/\/aelo.com.br\/edicoes-anteriores\/?s={search_term_string}"},"query-input":"required name=search_term_string"}],"inLanguage":"pt-BR"},{"@type":"Organization","@id":"https:\/\/aelo.com.br\/edicoes-anteriores\/#organization","name":"Aelo","url":"https:\/\/aelo.com.br\/edicoes-anteriores\/","logo":{"@type":"ImageObject","inLanguage":"pt-BR","@id":"https:\/\/aelo.com.br\/edicoes-anteriores\/#\/schema\/logo\/image\/","url":"https:\/\/aelo.com.br\/edicoes-anteriores\/wp-content\/uploads\/2024\/03\/logo-bk.svg","contentUrl":"https:\/\/aelo.com.br\/edicoes-anteriores\/wp-content\/uploads\/2024\/03\/logo-bk.svg","width":159,"height":39,"caption":"Aelo"},"image":{"@id":"https:\/\/aelo.com.br\/edicoes-anteriores\/#\/schema\/logo\/image\/"}}]}},"_links":{"self":[{"href":"https:\/\/aelo.com.br\/edicoes-anteriores\/wp-json\/wp\/v2\/pages\/16793"}],"collection":[{"href":"https:\/\/aelo.com.br\/edicoes-anteriores\/wp-json\/wp\/v2\/pages"}],"about":[{"href":"https:\/\/aelo.com.br\/edicoes-anteriores\/wp-json\/wp\/v2\/types\/page"}],"author":[{"embeddable":true,"href":"https:\/\/aelo.com.br\/edicoes-anteriores\/wp-json\/wp\/v2\/users\/2"}],"replies":[{"embeddable":true,"href":"https:\/\/aelo.com.br\/edicoes-anteriores\/wp-json\/wp\/v2\/comments?post=16793"}],"version-history":[{"count":9,"href":"https:\/\/aelo.com.br\/edicoes-anteriores\/wp-json\/wp\/v2\/pages\/16793\/revisions"}],"predecessor-version":[{"id":17347,"href":"https:\/\/aelo.com.br\/edicoes-anteriores\/wp-json\/wp\/v2\/pages\/16793\/revisions\/17347"}],"wp:attachment":[{"href":"https:\/\/aelo.com.br\/edicoes-anteriores\/wp-json\/wp\/v2\/media?parent=16793"}],"curies":[{"name":"wp","href":"https:\/\/api.w.org\/{rel}","templated":true}]}}