{"id":16597,"date":"2024-07-16T16:15:25","date_gmt":"2024-07-16T19:15:25","guid":{"rendered":"https:\/\/aelo.com.br\/edicoes-anteriores\/?page_id=16597"},"modified":"2024-07-16T16:15:25","modified_gmt":"2024-07-16T19:15:25","slug":"boletim-online-966","status":"publish","type":"page","link":"https:\/\/aelo.com.br\/edicoes-anteriores\/boletim-online-966\/","title":{"rendered":"Boletim Online 966"},"content":{"rendered":"<h1 style=\"text-align: center;\"><strong><span style=\"color: #0e5537;\">Aelo On<\/span><\/strong><\/h1>\n<h3 style=\"text-align: center;\"><strong>Informativo Peri\u00f3dico<\/strong><\/h3>\n<h2 style=\"text-align: center;\"><strong>Ano 22\u2013 N.\u00ba 966<\/strong><\/h2>\n<h3 style=\"text-align: center;\">S\u00e3o Paulo, 23 de novembro de 2023<\/h3>\n<p>Hoje, faltam s\u00f3 quatro dias para terminar o prazo para as empresas de loteamento e desenvolvimento urbano do Pa\u00eds \u2013 associadas \u00e0 AELO e n\u00e3o associadas \u2013 responderem ao question\u00e1rio da grande pesquisa AELO Ecconit, cujos informa\u00e7\u00f5es dever\u00e3o possibilitar a Caracteriza\u00e7\u00e3o do Perfil Econ\u00f4mico do Setor de Loteamento e Desenvolvimento Urbano. O prazo se encerra na pr\u00f3xima segunda-feira, 27 de novembro, \u00e0s 18 horas.<br \/>\nNa abertura deste boletim semanal, temos a destacar que se ampliou, nos \u00faltimos dias, o n\u00famero de ades\u00f5es \u00e0 pesquisa, mas precisamos atingir um resultado ainda melhor, capaz assegurar o sucesso total desta iniciativa in\u00e9dita da AELO.<br \/>\nA AELO inteira, da Diretoria aos colaboradores e parceiros, est\u00e1 integrada na campanha de divulga\u00e7\u00e3o da pesquisa. Assim, todos os canais de informa\u00e7\u00e3o da entidade, mantidos pela Assessoria de Comunica\u00e7\u00e3o da AELO e pela ag\u00eancia 6P de marketing e propaganda, se concentram em novas mensagens.De modo criativo, a ag\u00eancia 6P produziu novos v\u00eddeos de depoimentos de dirigentes e empres\u00e1rios, que apresentam argumentos em defesa da necessidade de todas as empresas responderem ao question\u00e1rio. O primeiro v\u00eddeo, gravado com o presidente da AELO, Caio Portugal, foi veiculado no Instagram na quinta-feira, dia 16, pela manh\u00e3.<\/p>\n<p>Este \u00e9 o link:<br \/>\n<a href=\"https:\/\/www.instagram.com\/p\/CzthMzJuzwj\/\">https:\/\/www.instagram.com\/p\/CzthMzJuzwj\/<\/a><\/p>\n<p>A pesquisa foi lan\u00e7ada pela AELO em 23 de outubro, por meio de uma mensagem do presidente Caio \u00e0s empresas do nosso setor. No decorrer de um m\u00eas, a difus\u00e3o tem sido refor\u00e7ada por uma intensa campanha. In\u00fameros empres\u00e1rios e executivos se apressaram, ultimamente, a responder ao question\u00e1rio formulado pela Ecconit Consultoria Econ\u00f4mica, com a certeza de que seus dados ser\u00e3o mantidos em sigilo.<br \/>\nCaio Portugal vem ressaltando que as informa\u00e7\u00f5es resultantes desta empreitada levar\u00e3o a um ganho de todo o setor, com vistas \u00e0 elabora\u00e7\u00e3o de pol\u00edticas p\u00fablicas dos n\u00edveis federal, estadual e municipal, assim como um refor\u00e7o espec\u00edfico \u00e0s pr\u00f3prias empresas, em seus di\u00e1logos com \u00f3rg\u00e3os p\u00fablicos respons\u00e1veis pela aprova\u00e7\u00e3o de novos empreendimentos. Uma vez processado pela Ecconit, o material da pesquisa tamb\u00e9m servir\u00e1 de base para um amplo Semin\u00e1rio Nacional sobre o nosso setor, a ser realizado em mar\u00e7o de 2024, em S\u00e3o Paulo.<br \/>\nContamos com voc\u00ea!<\/p>\n<p>Repetindo: o prazo se esgota na segunda-feira, dia 27, \u00e0s 18h.<\/p>\n<p>Aqui est\u00e1 o link de acesso a ser usado por aqueles que pretendem colaborar para o sucesso da pesquisa:<\/p>\n<p><a href=\"https:\/\/forms.gle\/4G4q7sHvQtYr5yLN8\">https:\/\/forms.gle\/4G4q7sHvQtYr5yLN8<\/a><\/p>\n<p>Vale a pena fazer uma leitura cuidadosa de cada t\u00f3pico para, em seguida, escrever as respostas.<\/p>\n<p>A AELO permanece \u00e0 disposi\u00e7\u00e3o, neste e-mail, para os esclarecimentos adicionais que se fizerem necess\u00e1rios:<br \/>\nrelacionamento@aelo.com.br.<\/p>\n<p class=\"p1\">A campanha pela ades\u00e3o das empresas \u00e0 pesquisa AELO Ecconit ganhou, dia 16, o apoio de um respeitado empres\u00e1rio ga\u00facho, F\u00e1bio Maltz Sclovsky, diretor do grupo Arcadia, de Porto Alegre, respons\u00e1vel por projetos de condom\u00ednios de lotes nos Estados do Sul.<\/p>\n<p class=\"p1\">L\u00edder de v\u00e1rias empresas no Rio Grande do Sul, Sclovsky aceitou a solicita\u00e7\u00e3o da AELO para gravar um v\u00eddeo sobre a sua entusiasmada ades\u00e3o \u00e0 pesquisa. E a grava\u00e7\u00e3o feita pela ag\u00eancia 6P n\u00e3o poderia ter sido melhor. O v\u00eddeo est\u00e1 na p\u00e1gina aelo.oficial do Instagram e no link:<\/p>\n<p class=\"p2\"><span class=\"s1\"><a href=\"https:\/\/www.instagram.com\/p\/Cz6r7BYufT8\/\">https:\/\/www.instagram.com\/p\/Cz6r7BYufT8\/<\/a><\/span><\/p>\n<p>Em sua explana\u00e7\u00e3o diante da c\u00e2mera, F\u00e1bio Maltz Sclovsky se apresenta ao p\u00fablico, destaca a import\u00e2ncia da AELO como entidade de \u00e2mbito nacional em defesa dos interesses das empresas de loteamento e desenvolvimento urbano, e ressalta a necessidade de total apoio dos empreendedores \u00e0 pesquisa.<br \/>\nCarism\u00e1tico e com voca\u00e7\u00e3o para a orat\u00f3ria, Sclovsky explica que responder \u00e0s perguntas do question\u00e1rio \u00e9 f\u00e1cil e n\u00e3o exige muito tempo.<br \/>\nPara os que n\u00e3o conhecem muito bem F\u00e1bio Sclovsky, \u00e9 bom saber que esse empres\u00e1rio de sucesso, ao se animar com uma conquista ou com uma simples ideia, costuma usar adjetivos superlativos. \u00c9 do seu estilo.<br \/>\nUma das exce\u00e7\u00f5es, semelhante \u00e0 do v\u00eddeo para a pesquisa da AELO, ocorreu em 12 de novembro de 2022, em Porto Alegre, na cerim\u00f4nia de entrega dos pr\u00eamios anuais da Associa\u00e7\u00e3o dos Dirigentes de Vendas e Marketing do Brasil (ADVB), ocasi\u00e3o em que Sclovsky subiu ao palco para receber, em nome do grupo Arcadia, o Pr\u00eamio Ouro Marketing Top 2022. Em seu discurso de agradecimento, ele ergueu o trof\u00e9u e destacou o trabalho de sua equipe de vendas, gritando: \u201cEssa equipe vendeu 300 lotes em 9 segundos!\u201d E se despediu como de costume.A AELO e o Secovi-SP, tradicionais parceiros, est\u00e3o juntos na defesa do novo Marco Legal do Saneamento e da possibilidade de empresas respons\u00e1veis pelos servi\u00e7os serem desestatizadas, caso da Sabesp. O presidente da AELO, Caio Portugal, que \u00e9 tamb\u00e9m vice-presidente de Desenvolvimento Urbano e Meio Ambiente do Secovi-SP, posicionou-se a favor das mudan\u00e7as imediatas j\u00e1 em julho de 2020, ocasi\u00e3o em que foi sancionada a Lei Federal n.\u00ba 14.026, do novo Marco. E participou da elabora\u00e7\u00e3o do texto da Coluna Secovi-SP de 15 de novembro, que refor\u00e7a o apoio das entidades \u00e0 privatiza\u00e7\u00e3o da Sabesp.Na quinta-feira, 16 de novembro, Caio Portugal esteve no plen\u00e1rio da Assembleia Legislativa do Estado de S\u00e3o Paulo (ALESP), perante os deputados, falou sobre o apoio das entidades imobili\u00e1rias ao Projeto de Lei do governador Tarc\u00edsio de Freitas pela privatiza\u00e7\u00e3o da Sabesp. Seu pronunciamento foi transmitido pela TV ALESP (foto).<br \/>\nUm artigo de Caio, em nome das duas entidades, publicado pela m\u00eddia em 2020, havia deixado claro que as mudan\u00e7as seriam um resgate \u00e0 popula\u00e7\u00e3o de baixa renda do Pa\u00eds. O que prev\u00ea o Marco Regulat\u00f3rio do Saneamento? Prev\u00ea a universaliza\u00e7\u00e3o dos servi\u00e7os de \u00e1gua e esgoto at\u00e9 2033. Al\u00e9m disso, a nova lei permite maior participa\u00e7\u00e3o da iniciativa privada na \u00e1rea. O atual governo federal tentou barrar essas conquistas, mas foi contido pelo Congresso Nacional, no qual o Marco havia sido intensamente debatido at\u00e9 a aprova\u00e7\u00e3o final.<br \/>\nO AELO ON desta semana d\u00e1 especial destaque ao tema privatiza\u00e7\u00e3o da Sabesp, com v\u00e1rias notas. Esta \u00e9 a primeira. A pr\u00f3xima reproduz a mais recente Coluna Secovi-SP, publicada pelo \u201cEstad\u00e3o\u201d. Em seguida, surgem exemplos de cobertura da m\u00eddia.A Coluna Secovi-SP publicada no jornal \u201cEstad\u00e3o\u201d no feriado de 15 de novembro, sob o t\u00edtulo \u201cDesestatizar a Sabesp \u00e9 um passo rumo \u00e0 modernidade e ao atendimento \u00e0 popula\u00e7\u00e3o\u201d, teve ampla repercuss\u00e3o no setor imobili\u00e1rio, no ambiente pol\u00edtico e junto \u00e0 opini\u00e3o p\u00fablica. Ali est\u00e3o os argumentos do Secovi-SP e da AELO em defesa da privatiza\u00e7\u00e3o.Este \u00e9 o texto da Coluna Secovi-SP da semana passada:<\/p>\n<p><em>O projeto de desestatiza\u00e7\u00e3o da Companhia de Saneamento Ambiental de S\u00e3o Paulo, a Sabesp, representa importante passo do governo estadual rumo \u00e0 modernidade, visando cumprir as metas de universaliza\u00e7\u00e3o estabelecidas pelo novo Marco Legal do Saneamento. Na proposta, destaca-se o foco na popula\u00e7\u00e3o vulner\u00e1vel, residente em \u00e1reas rurais e nos chamados n\u00facleos urbanos informais consolidados, que n\u00e3o tem acesso a servi\u00e7os essenciais de abastecimento de \u00e1gua, coleta e tratamento de esgoto.<\/em><br \/>\n<em>Outra premissa do modelo apresentado, a de antecipar as metas de universaliza\u00e7\u00e3o dos servi\u00e7os de saneamento em quatro anos, para 2029, ser\u00e1 concretizada por meio de novos investimentos, que devem passar de R$ 56 bilh\u00f5es para R$ 66 bilh\u00f5es. Com isso, o Estado poder\u00e1 direcionar recursos para outros setores igualmente essenciais, como educa\u00e7\u00e3o e sa\u00fade, multiplicando os impactos positivos da medida.<\/em><br \/>\n<em>Considerando a \u00e1rea de concess\u00e3o da Sabesp, mais de 1 milh\u00e3o de paulistas ser\u00e3o inclu\u00eddos na universaliza\u00e7\u00e3o. A gest\u00e3o integrada de \u00e1gua e saneamento em um n\u00famero maior de munic\u00edpios possibilitar\u00e1 significativo aumento de efici\u00eancia, beneficiando a popula\u00e7\u00e3o do Estado como um todo.<\/em><br \/>\n<em>O projeto de desestatiza\u00e7\u00e3o cont\u00e9m crit\u00e9rios modernos, baseados nas melhores experi\u00eancias internacionais, prev\u00ea aperfei\u00e7oamentos em rela\u00e7\u00e3o \u00e0s privatiza\u00e7\u00f5es anteriores e, mais importante, oferece salvaguardas. Pelo modelo, a Sabesp se mant\u00e9m na opera\u00e7\u00e3o, o Estado permanece com participa\u00e7\u00e3o relevante na empresa e continua acompanhando a defini\u00e7\u00e3o de estrat\u00e9gias e a universaliza\u00e7\u00e3o dos servi\u00e7os.<\/em>Informa\u00e7\u00e3o obtida com exclusividade pela jornalista Roseann Kennedy, que a divulgou na p\u00e1gina 2 do \u201cEstad\u00e3o\u201d do dia 16, sob o t\u00edtulo \u201cSabesp pode perder 50% dos contratos em 15 anos se n\u00e3o for privatizada, diz o governo de SP\u201d, ampliou os argumentos favor\u00e1veis \u00e0 desestatiza\u00e7\u00e3o. O projeto, enviado pelo governador Tarc\u00edsio de Freitas, j\u00e1 est\u00e1 na Assembleia Legislativa do Estado de S\u00e3o Paulo, para discuss\u00e3o.<br \/>\nEste \u00e9 o texto de Roseann Kennedy publicado na \u201cColuna do Estad\u00e3o\u201d, uma semana atr\u00e1s:<\/p>\n<p><em>O governo Tarc\u00edsio de Freitas preparou mais um argumento para tentar convencer deputados estaduais a aprovarem o projeto de privatiza\u00e7\u00e3o da Companhia de Saneamento B\u00e1sico do Estado de S\u00e3o Paulo (Sabesp). Na primeira audi\u00eancia p\u00fablica sobre o tema na Assembleia Legislativa, nesta quinta-feira, 16, vai afirmar que a Sabesp poder\u00e1 perder 50% dos atuais contratos de concess\u00e3o nos munic\u00edpios atendidos pela empresa nos pr\u00f3ximos 15 anos, se n\u00e3o for desestatizada.<\/em><br \/>\n<em>A\u00a0\u201cColuna do Estad\u00e3o\u201d\u00a0teve acesso com exclusividade a dados que ser\u00e3o apresentados pela secret\u00e1ria estadual de Meio ambiente, Infraestrutura e Log\u00edstica, Nat\u00e1lia Resende. Pelas estimativas do governo, com base em informa\u00e7\u00f5es compiladas pelo Internacional Finance Corporation (IFC), bra\u00e7o do Banco Mundial respons\u00e1vel pelos estudos de desestatiza\u00e7\u00e3o da Companhia, o risco \u00e9 de perda de mais de 180 dos atuais 375 at\u00e9 2038.<\/em><em>Nesta foto tirada por S\u00e9rgio Barzaghi, do Governo do ESP, a secret\u00e1ria Nat\u00e1lia Resende aparece ao lado do governador Tarc\u00edsio de Freitas.<\/em><br \/>\n<em>A explica\u00e7\u00e3o do governo \u00e9 de que os contratos vencer\u00e3o nos pr\u00f3ximos 15 anos e a Sabesp teria de participar de novos processos licitat\u00f3rios para manter sua base de atua\u00e7\u00e3o, mas isso poderia representar riscos \u00e0 sua capacidade econ\u00f4mico-financeira. Entretanto, de acordo com o Novo Marco Legal do Saneamento, caso a empresa seja privatizada, ficar\u00e1 dispensada dessas licita\u00e7\u00f5es e os contratos poderiam ser prorrogados at\u00e9 2060.<\/em><br \/>\n<em>O governo tamb\u00e9m projeta que a participa\u00e7\u00e3o do setor privado em saneamento no Brasil dever\u00e1 crescer at\u00e9 tr\u00eas vezes mais at\u00e9 2033. O n\u00famero de munic\u00edpios brasileiros atendidos pelo setor privado saltou de 291, em 2020, para 1100, em 2023.<\/em><br \/>\n<em>No in\u00edcio de novembro,\u00a0a Justi\u00e7a de S\u00e3o Paulo suspendeu a audi\u00eancia p\u00fablica que seria realizada no dia 6 e determinou a marca\u00e7\u00e3o de nova data, atendendo ao pedido apresentado em a\u00e7\u00e3o popular protocolada por sindicalistas. Eles argumentaram que o presidente da Assembleia Legislativa, Andr\u00e9 do Prado (PL-SP), definiu um prazo ex\u00edguo de divulga\u00e7\u00e3o da audi\u00eancia, o que teria dificultado a participa\u00e7\u00e3o de todos os interessados.<\/em>O jornalista Caio Junqueira, analista pol\u00edtico e econ\u00f4mico e apresentador de telejornal na TV CNN Brasil (foto), focalizou o tema Sabesp e levou ao ar uma entrevista com o deputado estadual Barros Munhoz, relator da proposta do governo Tarc\u00edsio de Freitas de privatiza\u00e7\u00e3o da empresa. Munhoz tra\u00e7ou um cen\u00e1rio positivo, do ponto de vista do governo, sobre a possibilidade de aprova\u00e7\u00e3o do projeto.De acordo com Barros Munhoz, 60 dos 94 deputados estaduais dever\u00e3o votar a favor da proposta. Ele tamb\u00e9m avalia que o \u201ckit-obstru\u00e7\u00e3o\u201d do PT contra a privatiza\u00e7\u00e3o n\u00e3o dever\u00e1 surtir muitos efeitos e o Projeto de Lei dever\u00e1 ser aprovado. At\u00e9 o fim do ano.<br \/>\nA \u00edntegra do telejornal da CNN tem 54 minutos.<br \/>\nEste \u00e9 o link de todo o programa. O tema Sabesp foi colocado no ar a partir dos 33 minutos e teve dura\u00e7\u00e3o de 21 minutos.<\/p>\n<p><a href=\"https:\/\/www.youtube.com\/watch?v=8T5BJbkqyiU\">https:\/\/www.youtube.com\/watch?v=8T5BJbkqyiU<\/a>Em busca de acelerar a vota\u00e7\u00e3o da privatiza\u00e7\u00e3o da\u00a0Sabesp\u00a0na Assembleia Legislativa de S\u00e3o Paulo, deputados aliados do governador\u00a0Tarc\u00edsio de Freitas\u00a0(Republicanos) criaram uma frente parlamentar em apoio ao projeto de lei para organizar o discurso governista sobre o assunto e rebater argumentos da oposi\u00e7\u00e3o. Esses argumentos ganharam evid\u00eancia com a recente greve contra proposta. O objetivo do governo \u00e9 aprovar o projeto at\u00e9 o final do ano.<br \/>\nOs opositores, por sua vez, criticam o que veem como falta de discuss\u00e3o sobre o texto. Alguns dizem que v\u00e3o judicializar o tema nas pr\u00f3ximas semanas, porque entendem que a privatiza\u00e7\u00e3o deveria ocorrer por meio de Proposta de Emenda \u00e0 Constitui\u00e7\u00e3o (PEC) e n\u00e3o por projeto de lei. Em outra frente, deputados petistas apresentaram emendas para que seja feito um referendo popular como condi\u00e7\u00e3o para que a venda das a\u00e7\u00f5es do Estado seja conclu\u00edda.<br \/>\nPor sua vez, o deputado federal\u00a0Orlando Silva\u00a0(PCdoB-SP), da ala esquerda da base de apoio ao presidente Luiz In\u00e1cio Lula da Silva, protocolou uma a\u00e7\u00e3o popular na Fazenda P\u00fablica de S\u00e3o Paulo em que pede para que o Projeto de Lei de privatiza\u00e7\u00e3o da Sabesp seja considerado ilegal.Orlando Silva (foto) diz que esse projeto viola a\u00a0Lei de Responsabilidade Fiscal\u00a0ao propor que parte dos recursos arrecadados com a venda seja utilizada para reduzir a tarifa. O governo estadual afirma que a forma como isso se dar\u00e1 n\u00e3o est\u00e1 definida. A medida est\u00e1 prevista no estudo da International Finance Corporation, entidade vinculada ao\u00a0Banco Mundial\u00a0contratada para arquitetar a privatiza\u00e7\u00e3o da empresa. A irregularidade, segundo o parlamentar, consiste no uso de verbas oriundas da aliena\u00e7\u00e3o de um bem p\u00fablico para custear despesas correntes.[vc_custom_heading text=&#8221;Jundia\u00ed entra no circuito do Lote Legal<br \/>\n&#8221; font_container=&#8221;tag:h2|text_align:center&#8221; google_fonts=&#8221;font_family:Montserrat%3Aregular%2C700|font_style:700%20bold%20regular%3A700%3Anormal&#8221; css=&#8221;.vc_custom_1700595358639{margin-top: 50px !important;}&#8221;]A AELO esteve na Prefeitura de Jundia\u00ed, no dia 13, onde os principais temas foram a campanha Lote Legal e os crit\u00e9rios do munic\u00edpio para o licenciamento de novos projetos de desenvolvimento urbano. A reuni\u00e3o foi no Departamento de Licenciamento de Obras e Instala\u00e7\u00f5es.<br \/>\nNesta foto, em que um lindo panorama da cidade aparece ao fundo, o presidente Caio Portugal \u00e9 o terceiro da esquerda para a direita, logo ap\u00f3s o vice-presidente, Luis Paulo Germanos. Ao lado de Caio est\u00e1 Ruth Portugal, membro do Conselho Fiscal da AELO e coordenadora do grupo de trabalho do Secovi-SP, AELO e SindusCon-SP sobre Infraestrutura Verde. O encontro foi valorizado pela participa\u00e7\u00e3o do presidente do Grupo de An\u00e1lise e Aprova\u00e7\u00e3o de Projetos Habitacionais (Graprohab), Lacir Baldusco, que viajou de S\u00e3o Paulo a Jundia\u00ed especialmente para tirar d\u00favidas dos t\u00e9cnicos especialistas da Prefeitura.Os dirigentes da AELO foram recebidos pelo diretor do Departamento de Licenciamento de Obras e Instala\u00e7\u00f5es, F\u00e1bio Aur\u00e9lio Teixeira Lusvarghi, e sua equipe. Na vis\u00e3o de Caio, Luis Paulo e Ruth, foi muito importante a decis\u00e3o da Prefeitura de Jundia\u00ed de refor\u00e7ar a lista dos munic\u00edpios que apoiam a campanha Lote Legal, da AELO, no combate aos loteamentos ilegais e clandestinos. O prefeito Luiz Fernando Machado n\u00e3o esteve na reuni\u00e3o, mas foi informado sobre os resultados positivos foi informado dos resultados positivos do di\u00e1logo.<br \/>\nSituada a 55 quil\u00f4metros de S\u00e3o Paulo, a cidade de Jundia\u00ed tem cerca de 450 mil habitantes e \u00e9 centro de uma regi\u00e3o metropolitana de pouco mais de 800 mil habitantes. Por ser um expressivo polo industrial e de com\u00e9rcio, esse munic\u00edpio mant\u00e9m efervesc\u00eancia na produ\u00e7\u00e3o de loteamentos abertos e fechados.<br \/>\nA primeira prefeitura a aderir oficialmente ao Lote Legal foi a de Campinas, em maio de 2022. Nos \u00faltimos meses, v\u00e1rias outras passaram a ser parceiras da AELO nessa campanha.A reuni\u00e3o do presidente do Graprohab, Lacir Baldusco, com o diretor do Departamento de Licenciamento de Obras e Instala\u00e7\u00f5es da Prefeitura de Jundia\u00ed, F\u00e1bio Aur\u00e9lio Teixeira Lusvarghi, foi fundamental para que as autoridades do munic\u00edpio viessem a conhecer melhor as normas do colegiado estadual para o licenciamento de projetos. No departamento, havia d\u00favidas sobre alguns crit\u00e9rios para exig\u00eancias em rela\u00e7\u00e3o aos empreendimentos de loteamentos e de condom\u00ednios de lotes.Lacir Baldusco est\u00e1 no centro desta foto, em que aparecem todos os participantes da reuni\u00e3o.<br \/>\nA presen\u00e7a de Caio Portugal, Ruth Portugal e Luis Paulo Germanos no encontro contribuiu para a apresenta\u00e7\u00e3o de exemplos a serem seguidos e de casos a serem vetados. A AELO e o Secovi-SP, por meio de seus dirigentes, s\u00e3o entidades totalmente abertas ao di\u00e1logo com prefeituras do Interior e do Litoral. Recentemente, por exemplo, os experientes Lair Kr\u00e4henb\u00fchl e Cl\u00e1udio Bernardes estiveram em Piracicaba e deixaram s\u00f3lidos ensinamentos.[vc_custom_heading text=&#8221;Lote ilegal? Sim, h\u00e1. Em todo o Brasil!<br \/>\n&#8221; font_container=&#8221;tag:h2|text_align:center&#8221; google_fonts=&#8221;font_family:Montserrat%3Aregular%2C700|font_style:700%20bold%20regular%3A700%3Anormal&#8221; css=&#8221;.vc_custom_1700595597322{margin-top: 50px !important;}&#8221;]\u00c9 s\u00f3 digital \u201cloteamento clandestino\u201d no Google, o famoso site de buscas da internet, e v\u00e3o aparecer in\u00fameros casos de irregularidades, que ocorrem em todas as regi\u00f5es do Brasil. O jornalista Luiz Carlos Ramos, assessor de Comunica\u00e7\u00e3o da AELO e autor do livro \u201cVida de Jornalista\u201d, lan\u00e7ado em 25 de setembro, explica que, momento, enquanto os verdadeiros empreendedores de loteamento e desenvolvimento urbano trabalham, movimentando suas equipes \u2013 arquitetos, engenheiros e funcion\u00e1rios de obras \u2013, em projetos por melhores cidades, surgem novos casos de loteamentos irregulares ou clandestinos, em dezenas dos 5.570 munic\u00edpios do Pa\u00eds.<br \/>\nDezenas de casos num dia, centenas num m\u00eas, milhares num ano: \u00e9 a triste rotina das cidades, contra a qual a AELO tem lutado por meio da campanha Lote Legal, lan\u00e7ada h\u00e1 dois anos e meio, com apoio de entidades, de \u00f3rg\u00e3os do poder p\u00fablico e de um crescente n\u00famero de prefeituras.<br \/>\nA campanha Lote Legal, que tem site pr\u00f3prio, <a href=\"http:\/\/www.lotelegal.com.br\">www.lotelegal.com.br<\/a>, atualizado semanalmente por jornalistas e publicit\u00e1rios especializados, est\u00e1 em 21 Estados, os Estados dos mais de mil associados da AELO, entidade de \u00e2mbito nacional. A cada dia, s\u00e3o revelados novos casos de loteamentos clandestinos, denunciados pelas pol\u00edcias e por outros \u00f3rg\u00e3os, mas o Lote Legal chegou para ficar e para orientar o p\u00fablico por meio da Cartilha do Comprador de Lote.Em contraste com a parcela perversa das m\u00eddias sociais \u2013 de incentivo ao narcisismo, \u00e0 vaidade e \u00e0s not\u00edcias falsas \u2013, a tecnologia apresenta um expressivo lado positivo. O Google, site de buscas, tem sido um grande prestador de servi\u00e7o. E at\u00e9 substitui o dicion\u00e1rio, a gram\u00e1tica, a enciclop\u00e9dia, a lista telef\u00f4nica, o Livro de Recordes, os guias de cidades, e fornece hor\u00e1rios de avi\u00f5es, pre\u00e7os de hot\u00e9is, endere\u00e7os de restaurantes, al\u00e9m de relembrar detalhes de fatos sobre qualquer assunto. \u00c9 s\u00f3 saber pesquisar.<br \/>\n\u201cParalisar \u00e9 com S ou com Z?\u201d<br \/>\n\u201cQual o telefone da empresa X?\u201d<br \/>\n\u201cQual a popula\u00e7\u00e3o de Pindamonhangaba?\u201d<br \/>\n\u201cTem voo direto de Porto Alegre para Manaus?\u201d<br \/>\n\u201cQual a dist\u00e2ncia de Ribeir\u00e3o Preto a Franca?\u201d<br \/>\n\u201cQuando come\u00e7ou a Segunda Guerra Mundial?\u201d<br \/>\n\u201cQuanto custa uma bolsa Louis Vuitton?\u201d<br \/>\n\u201cQuem fez o gol do Corinthians na decis\u00e3o do t\u00edtulo paulista de 1977?\u201d<br \/>\n\u201cA AELO est\u00e1 presente em quantos Estados brasileiros?\u201d<br \/>\n\u201cEm 10 de novembro de 2021, a TV Globo divulgou not\u00edcia sobre a pris\u00e3o de uma grande quadrilha de loteadores clandestinos. Isso ocorreu em qual cidade?\u201dSer\u00e1 em 4 de dezembro, \u00e0s 14 horas, alguns minutos depois do encerramento da reuni\u00e3o do Comit\u00ea de Desenvolvimento Urbano (CDU), no Milenium Centro de Conven\u00e7\u00f5es, em S\u00e3o Paulo, o primeiro grande Semin\u00e1rio de Infraestrutura Verde, com a participa\u00e7\u00e3o de experientes especialistas em desenvolvimento urbano, legisla\u00e7\u00e3o e meio ambiente. As inscri\u00e7\u00f5es est\u00e3o abertas.<br \/>\nA organiza\u00e7\u00e3o do Semin\u00e1rio \u00e9 do grupo de trabalho sobre Infraestrutura Verde do Secovi-SP, AELO e SindusCon-SP, sob a coordena\u00e7\u00e3o da arquiteta Ruth Portugal. O tema, que tem sido focalizado em artigos e reportagens no boletim AELO ON e no jornal \u201cAELO Informa\u201d desde junho de 2022, ganha agora amplo espa\u00e7o de debate presencial.A programa\u00e7\u00e3o do Semin\u00e1rio est\u00e1 sendo conclu\u00edda, mas j\u00e1 \u00e9 certo que, entre os palestrantes e expositores, estar\u00e3o a pr\u00f3pria Ruth; o presidente da AELO e vice-presidente de Desenvolvimento Urbano e Meio Ambiente do Secovi-SP, Caio Portugal; o advogado Marcos Saes, especialista em Direito Ambiental e diretor de Assuntos do Meio Ambiente da AELO; o engenheiro Jonas Mattos, representante da AELO e do Secovi-SP nas reuni\u00f5es do Grupo de An\u00e1lise e Aprova\u00e7\u00e3o de Projetos Habitacionais do Estado de S\u00e3o Paulo (Graprohab); a engenheira C\u00e9lia Poeta, assessora especial da Diretoria da Companhia Ambiental do Estado de S\u00e3o Paulo (CETESB), e o engenheiro Paulo Velzi, que atua na implanta\u00e7\u00e3o da Riviera de S\u00e3o Louren\u00e7o, em Bertioga, h\u00e1 mais de 30 anos.<br \/>\nRuth Portugal \u00e9 membro do Conselho Fiscal da AELO e coordena o grupo de trabalho Infraestrutura Verde, criado h\u00e1 quatro anos, com a participa\u00e7\u00e3o de especialistas de empresas imobili\u00e1rias da iniciativa privada e de representantes do setor p\u00fablico.<br \/>\nRuth explica que o prop\u00f3sito do grupo Infraestrutura Verde consiste em tentar sensibilizar os empreendedores de parcelamento do solo sobre as vantagens da ado\u00e7\u00e3o de determinadas t\u00e9cnicas. \u201cBuscamos conceitos para solu\u00e7\u00f5es de projetos de infraestrutura com t\u00e9cnicas j\u00e1 empregadas na hist\u00f3ria da arquitetura, al\u00e9m de desenvolver novas aplica\u00e7\u00f5es atrav\u00e9s das tecnologias atuais da engenharia para execu\u00e7\u00e3o, com o objetivo de aperfei\u00e7oar solu\u00e7\u00f5es convencionais e integrar o Espa\u00e7o Natural\u201d.<br \/>\nRuth Portugal ficou entusiasmada, na manh\u00e3 do dia 14, ao pegar a edi\u00e7\u00e3o impressa do \u201cEstad\u00e3o\u201d e verificar que um dos destaques da capa era uma reportagem da jornalista Adriana Fernandes, da Sucursal de Bras\u00edlia, que ocupou toda a primeira p\u00e1gina do Caderno de Economia, tendo como t\u00edtulo \u201cGoverno capta US% 2 bi no mercado externo em 1.\u00aa emiss\u00e3o de t\u00edtulos verdes\u201d. A informa\u00e7\u00e3o b\u00e1sica, anunciada pelo governo federal, teve ampla repercuss\u00e3o no Pa\u00eds: \u201cO governo brasileiro captou US$ 2 bilh\u00f5es (por volta de R$ 9,8 bilh\u00f5es) no mercado internacional na primeira emiss\u00e3o de t\u00edtulos verdes do Tesouro Nacional, com o selo de boas pr\u00e1ticas na \u00e1rea ambiental, social e de governan\u00e7a, mais conhecidas pela sigla ESG. A venda faz parte da agenda verde do governo\u201d.<br \/>\nRuth comentou a not\u00edcia: \u201cTem tudo a ver com o que temos defendido em nosso grupo e que vamos focalizar no semin\u00e1rio do dia 4\u201d. Diante da import\u00e2ncia essas informa\u00e7\u00f5es, o AELO ON reproduz, na pr\u00f3xima nota, a reportagem do \u201cEstad\u00e3o\u201d.Este \u00e9 o texto integral da reportagem de Adriana Fernandes, publicada pelo \u201cEstad\u00e3o\u201d no dia 14, sob o t\u00edtulo \u201cGoverno capta US$ 2 bi no mercado externo em 1.\u00aa emiss\u00e3o de t\u00edtulos verdes\u201d. No t\u00edtulo auxiliar da p\u00e1gina, o jornal cravou: Demanda de investidores estrangeiros por pap\u00e9is do Tesouro, que trazem o selo de boas pr\u00e1ticas nas \u00e1reas ambiental, social e de governan\u00e7a (ESG) chegou a US$ 6 bi\u201d. A foto do secret\u00e1rio do Tesouro Nacional, Rog\u00e9rio Ceron, aqui reproduzida, \u00e9 do rep\u00f3rter fotogr\u00e1fico Wilton J\u00fanior.O governo brasileiro captou US$ 2 bilh\u00f5es no mercado internacional na\u00a0primeira e hist\u00f3rica emiss\u00e3o de t\u00edtulos verdes do Tesouro Nacional, com o selo de boas pr\u00e1ticas nas \u00e1reas ambiental, social e de governan\u00e7a, mais conhecidas pela sigla ESG. A venda faz parte da agenda verde do governo.<br \/>\nA procura dos investidores internacionais pelos pap\u00e9is foi alta e atingiu US$ 6 bilh\u00f5es, o que levou o Brasil a subir a oferta inicial do lote de US$ 1 bilh\u00e3o. A taxa de retorno ao investidor\u00a0(yield)\u00a0saiu a 6,50% ao ano.<br \/>\nO papel servir\u00e1 de refer\u00eancia para as emiss\u00f5es ESG de empresas brasileiras. Dentre os pa\u00edses latino-americanos, os principais emissores de t\u00edtulos verdes s\u00e3o o M\u00e9xico e o Chile, mas a Col\u00f4mbia tamb\u00e9m emite esse papel.<br \/>\nPara o Tesouro, a emiss\u00e3o representa um novo marco na gest\u00e3o da d\u00edvida p\u00fablico com o compromisso do governo com pol\u00edticas sustent\u00e1veis, convergindo com o crescente interesse de investidores estrangeiros e a expans\u00e3o do chamado mercado de t\u00edtulos \u201ctem\u00e1ticos\u201d, como t\u00edtulos verdes, no mundo.<br \/>\nO novo t\u00edtulo sustent\u00e1vel foi emitido com taxa final somente 0,15% acima dos pap\u00e9is do M\u00e9xico, pa\u00eds que j\u00e1 tem h\u00e1 muito tempo a nota de grau de investimento conferida pelas ag\u00eancias internacionais de classifica\u00e7\u00e3o de risco. O Brasil j\u00e1 teve o grau de investimento, mas perdeu e, agora, luta para reav\u00ea-lo.<br \/>\nO Global 2031 tem prazo de sete anos (longo), com vencimento em 2031, e foi vendido com\u00a0spread\u00a0(diferen\u00e7a entre os t\u00edtulos brasileiros) de 1,80% acima do t\u00edtulo do Tesouro dos Estados Unidos. O\u00a0spread\u00a0despencou e ficou bem abaixo tamb\u00e9m da \u00faltima emiss\u00e3o do Brasil (emiss\u00e3o normal, uma vez que esta \u00e9 a primeira de t\u00edtulos verdes), realizada em abril, quando o t\u00edtulo saiu a 2,85% acima dos pap\u00e9is norte-americanos.<br \/>\nDepois de concluir todo o processo para a emiss\u00e3o do t\u00edtulo verde, a janela de oportunidade para a venda ficou muito dif\u00edcil nos meses de setembro e outubro, com o mercado internacional operando com taxas altas e bastante vol\u00e1teis.<br \/>\nH\u00e1 duas semanas, no entanto, as condi\u00e7\u00f5es do mercado externo melhoram com a leitura dos analistas de uma probabilidade maior de o Banco Central dos Estados Unidos, o FED, n\u00e3o subir os juros. O mercado deu uma acalmada e um conjunto de pa\u00edses voltou ao mercado internacional, entre eles Col\u00f4mbia e Costa Rica, seguidos agora pelo Brasil.<br \/>\nA opera\u00e7\u00e3o foi liderada pelos bancos Ita\u00fa BBA, J.P. Morgan e Santander. Para lan\u00e7ar esse t\u00edtulo, o governo preparou um documento, chamado de arcabou\u00e7o, que \u00e9 uma esp\u00e9cie de \u201ccarta de visita\u201d para os investidores estrangeiros comprarem o t\u00edtulo do Brasil, com base numa lista das despesas em programas ambientais e sociais do Or\u00e7amento \u2013 que v\u00e3o lastrear os pap\u00e9is. Essa lista funciona com um \u201cmenu\u201d de despesas eleg\u00edveis para as futuras capta\u00e7\u00f5es.<br \/>\n\u00c9 por meio do arcabou\u00e7o que o Brasil se compromete com os potenciais compradores dos t\u00edtulos da d\u00edvida externa do Pa\u00eds em fazer pol\u00edticas sustent\u00e1veis. Os projetos elencados em cada emiss\u00e3o t\u00eam dura\u00e7\u00e3o de 24 meses, mas ser\u00e3o acompanhados at\u00e9 o fim do prazo de vencimento do papel por meio de relat\u00f3rios de execu\u00e7\u00e3o e de impacto.<br \/>\nO governo destacado aos investidores internacionais para vender os seus t\u00edtulos que um dos objetivos da Rep\u00fablica em suas emiss\u00f5es externas \u00e9 criar refer\u00eancia para as empresas brasileiras emitirem no exterior. No caso das emiss\u00f5es ESG, esta refer\u00eancia \u00e9 at\u00e9 mais importante, pois muitas n\u00e3o acessam o mercado externo sem a refer\u00eancia da Republica.<br \/>\nNuma an\u00e1lise sobre onde se concentram as emiss\u00f5es externas ESG das empresas brasileiras, o Tesouro percebeu uma prefer\u00eancia pelo prazo de sete anos. Esse foi o principal fator que levou o Tesouro a escolher um t\u00edtulo com esse prazo para a emiss\u00e3o inaugural ESG, segundo apurou o Estad\u00e3o. Entre as emiss\u00f5es ESG de empresas desde 2022, a maior parte foi de prazo de sete anos, seguida por dez, cinco e tr\u00eas anos.<br \/>\nComo o governo assumir\u00e1 o compromisso com a execu\u00e7\u00e3o dos programas no Or\u00e7amento, os t\u00edtulos verdes s\u00e3o vendidos com taxas mais baratas para o governo. \u201cA emiss\u00e3o refor\u00e7a o papel importante da d\u00edvida externa em termos de alongamento de prazo, diversifica\u00e7\u00e3o de indexadores e da base de investidores\u201d, diz o Tesouro.<br \/>\nCarteira social e ambiental<br \/>\nAntes do an\u00fancio da emiss\u00e3o, o Tesouro j\u00e1 tinha indicado as programa\u00e7\u00f5es or\u00e7ament\u00e1rias que ter\u00e3o prioridade como lastro na primeira emiss\u00e3o. A primeira emiss\u00e3o considera preferencialmente gastos de 2023 e 2024.<br \/>\nA carteira proposta \u00e9 preponderante em categoria ambiental, destacando-se esfor\u00e7os que ser\u00e3o decisivos para seguir revertendo o curso do desmatamento e permanecer\u00e3o cr\u00edticos para a preserva\u00e7\u00e3o dos biomas nativos brasileiros.<br \/>\nAl\u00e9m disso, prev\u00ea-se aloca\u00e7\u00e3o de recursos por meio do Fundo Nacional de Mudan\u00e7a do Clima, em especial para o financiamento ou refinanciamento de iniciativas em favor de energia renov\u00e1vel e transporte limpo.<br \/>\nO relat\u00f3rio mostra que a aloca\u00e7\u00e3o de recursos para a primeira emiss\u00e3o seguir\u00e1 os seguintes porcentuais indicativos: entre 50% e 60% dos recursos para temas ambientais e 40% a 50% para temas sociais.<br \/>\nNa \u00e1rea ambiental, os projetos em destaque s\u00e3o o Plano de A\u00e7\u00e3o para Preven\u00e7\u00e3o e Controle do Desmatamento na Amaz\u00f4nia Legal (PPCDAm) (que envolve monitoramento, fiscaliza\u00e7\u00e3o e combate ao desmatamento e inc\u00eandios florestais); o Bolsa Verde (pagamento a fam\u00edlias que fazem a conserva\u00e7\u00e3o de recursos naturais no meio rural pela presta\u00e7\u00e3o de servi\u00e7os ambientais); a gest\u00e3o de unidades de conserva\u00e7\u00e3o; financiamento para promo\u00e7\u00e3o de transporte p\u00fablico com zero ou baixa emiss\u00e3o de CO\u00b2 Transporte limpo: compreende o financiamento ou refinanciamento de iniciativas e projetos para a promo\u00e7\u00e3o de transporte p\u00fablico com zero ou baixa emiss\u00e3o de CO2; e iniciativas de energia renov\u00e1vel, especialmente e\u00f3lica e solar.<br \/>\nJ\u00e1 na \u00e1rea social, destacam-se programas de combate \u00e0 pobreza e \u00e0 fome, como o Bolsa Fam\u00edlia e o Programa de Aquisi\u00e7\u00e3o de Alimentos (PAA).A apresenta\u00e7\u00e3o do relat\u00f3rio trimestral da empresa Brain sobre as pesquisas do Mercado de Loteamentos no Estado de S\u00e3o Paulo e no Brasil ser\u00e1 um dos destaques da reuni\u00e3o do Comit\u00ea de Desenvolvimento Urbano (CDU) de 4 de dezembro, a \u00faltima de 2023, no Milenium Centro de Conven\u00e7\u00f5es, em S\u00e3o Paulo. Conforme informou o AELO ON na semana passada, a reuni\u00e3o h\u00edbrida come\u00e7ar\u00e1 uma hora mais cedo que o hor\u00e1rio habitual: ser\u00e1 das 11h30 \u00e0s 13h30. Em seguida, \u00e0s 14 horas, haver\u00e1 o semin\u00e1rio sobre Infraestrutura Verde. A sede da AELO est\u00e1 cuidando do envio de convites aos associados, para que fa\u00e7am suas inscri\u00e7\u00f5es, optando pelo modo presencial (na Rua Dr. Bacelar, 1.043, na Vila Clementino) ou pelo on-line.A Brain, de Curitiba, est\u00e1 completando seis anos de parceria com a AELO e o Secovi-SP, na miss\u00e3o de desenvolver as pesquisas, cujos n\u00fameros ajudam a nortear os empreendedores sobre os rumos de seus projetos.<br \/>\nEm cada CDU, um representante da Brain (foto) comparece ao encontro para relatar os levantamentos mais recentes e estabelecer compara\u00e7\u00f5es com os resultados de per\u00edodos anteriores, prendendo a aten\u00e7\u00e3o dos participantes.<br \/>\nO coordenador do CDU, Caio Portugal, tamb\u00e9m presidente da AELO e vice-presidente de Desenvolvimento Urbano e Meio Ambiente do Secovi-SP, est\u00e1 definindo os \u00faltimos itens da pauta, em que tamb\u00e9m dever\u00e3o ser destacados, entre outros temas, a pesquisa AELO Ecconit e os novos avan\u00e7os da campanha Lote Legal. Caio tamb\u00e9m abordar\u00e1 os planos para o Semin\u00e1rio Nacional sobre o nosso setor, a ser realizado em mar\u00e7o de 2024, em S\u00e3o Paulo. Os resultados da pesquisa AELO Ecconit v\u00e3o servir de base para o Semin\u00e1rio.<strong>AELO: (11) 3289-1788<\/strong><strong>\u00a0\u00a0\u00a0\u00a0\u00a0\u00a0\u00a0 <\/strong><a href=\"https:\/\/aelo.com.br\/edicoes-anteriores\">www.aelo.com.br<\/a><\/p>\n","protected":false},"excerpt":{"rendered":"<p>Aelo On Informativo Peri\u00f3dico Ano 22\u2013 N.\u00ba 966 S\u00e3o Paulo, 23 de novembro de 2023 Hoje, faltam s\u00f3 quatro dias para terminar o prazo para as empresas de loteamento e desenvolvimento urbano do Pa\u00eds \u2013 associadas \u00e0 AELO e n\u00e3o associadas \u2013 responderem ao question\u00e1rio da grande pesquisa AELO Ecconit, cujos informa\u00e7\u00f5es dever\u00e3o possibilitar a [&hellip;]<\/p>\n","protected":false},"author":2,"featured_media":0,"parent":0,"menu_order":0,"comment_status":"closed","ping_status":"closed","template":"","meta":{"footnotes":""},"yoast_head":"<!-- This site is optimized with the Yoast SEO Premium plugin v22.8 (Yoast SEO v22.8) - https:\/\/yoast.com\/wordpress\/plugins\/seo\/ -->\n<title>Boletim Online 966 - Aelo<\/title>\n<meta name=\"robots\" content=\"index, follow, max-snippet:-1, max-image-preview:large, max-video-preview:-1\" \/>\n<link rel=\"canonical\" href=\"https:\/\/aelo.com.br\/edicoes-anteriores\/boletim-online-966\/\" \/>\n<meta property=\"og:locale\" content=\"pt_BR\" \/>\n<meta property=\"og:type\" content=\"article\" \/>\n<meta property=\"og:title\" content=\"Boletim Online 966\" \/>\n<meta property=\"og:description\" content=\"Aelo On Informativo Peri\u00f3dico Ano 22\u2013 N.\u00ba 966 S\u00e3o Paulo, 23 de novembro de 2023 Hoje, faltam s\u00f3 quatro dias para terminar o prazo para as empresas de loteamento e desenvolvimento urbano do Pa\u00eds \u2013 associadas \u00e0 AELO e n\u00e3o associadas \u2013 responderem ao question\u00e1rio da grande pesquisa AELO Ecconit, cujos informa\u00e7\u00f5es dever\u00e3o possibilitar a [&hellip;]\" \/>\n<meta property=\"og:url\" content=\"https:\/\/aelo.com.br\/edicoes-anteriores\/boletim-online-966\/\" \/>\n<meta property=\"og:site_name\" content=\"Aelo\" \/>\n<meta name=\"twitter:card\" content=\"summary_large_image\" \/>\n<meta name=\"twitter:label1\" content=\"Est. tempo de leitura\" \/>\n\t<meta name=\"twitter:data1\" content=\"27 minutos\" \/>\n<script type=\"application\/ld+json\" class=\"yoast-schema-graph\">{\"@context\":\"https:\/\/schema.org\",\"@graph\":[{\"@type\":\"WebPage\",\"@id\":\"https:\/\/aelo.com.br\/edicoes-anteriores\/boletim-online-966\/\",\"url\":\"https:\/\/aelo.com.br\/edicoes-anteriores\/boletim-online-966\/\",\"name\":\"Boletim Online 966 - Aelo\",\"isPartOf\":{\"@id\":\"https:\/\/aelo.com.br\/edicoes-anteriores\/#website\"},\"datePublished\":\"2024-07-16T19:15:25+00:00\",\"dateModified\":\"2024-07-16T19:15:25+00:00\",\"breadcrumb\":{\"@id\":\"https:\/\/aelo.com.br\/edicoes-anteriores\/boletim-online-966\/#breadcrumb\"},\"inLanguage\":\"pt-BR\",\"potentialAction\":[{\"@type\":\"ReadAction\",\"target\":[\"https:\/\/aelo.com.br\/edicoes-anteriores\/boletim-online-966\/\"]}]},{\"@type\":\"BreadcrumbList\",\"@id\":\"https:\/\/aelo.com.br\/edicoes-anteriores\/boletim-online-966\/#breadcrumb\",\"itemListElement\":[{\"@type\":\"ListItem\",\"position\":1,\"name\":\"In\u00edcio\",\"item\":\"https:\/\/aelo.com.br\/edicoes-anteriores\/\"},{\"@type\":\"ListItem\",\"position\":2,\"name\":\"Boletim Online 966\"}]},{\"@type\":\"WebSite\",\"@id\":\"https:\/\/aelo.com.br\/edicoes-anteriores\/#website\",\"url\":\"https:\/\/aelo.com.br\/edicoes-anteriores\/\",\"name\":\"Aelo\",\"description\":\"Associa\u00e7\u00e3o das Empresas de Loteamento e Desenvolvimento Urbano\",\"publisher\":{\"@id\":\"https:\/\/aelo.com.br\/edicoes-anteriores\/#organization\"},\"potentialAction\":[{\"@type\":\"SearchAction\",\"target\":{\"@type\":\"EntryPoint\",\"urlTemplate\":\"https:\/\/aelo.com.br\/edicoes-anteriores\/?s={search_term_string}\"},\"query-input\":\"required name=search_term_string\"}],\"inLanguage\":\"pt-BR\"},{\"@type\":\"Organization\",\"@id\":\"https:\/\/aelo.com.br\/edicoes-anteriores\/#organization\",\"name\":\"Aelo\",\"url\":\"https:\/\/aelo.com.br\/edicoes-anteriores\/\",\"logo\":{\"@type\":\"ImageObject\",\"inLanguage\":\"pt-BR\",\"@id\":\"https:\/\/aelo.com.br\/edicoes-anteriores\/#\/schema\/logo\/image\/\",\"url\":\"https:\/\/aelo.com.br\/edicoes-anteriores\/wp-content\/uploads\/2024\/03\/logo-bk.svg\",\"contentUrl\":\"https:\/\/aelo.com.br\/edicoes-anteriores\/wp-content\/uploads\/2024\/03\/logo-bk.svg\",\"width\":159,\"height\":39,\"caption\":\"Aelo\"},\"image\":{\"@id\":\"https:\/\/aelo.com.br\/edicoes-anteriores\/#\/schema\/logo\/image\/\"}}]}<\/script>\n<!-- \/ Yoast SEO Premium plugin. -->","yoast_head_json":{"title":"Boletim Online 966 - Aelo","robots":{"index":"index","follow":"follow","max-snippet":"max-snippet:-1","max-image-preview":"max-image-preview:large","max-video-preview":"max-video-preview:-1"},"canonical":"https:\/\/aelo.com.br\/edicoes-anteriores\/boletim-online-966\/","og_locale":"pt_BR","og_type":"article","og_title":"Boletim Online 966","og_description":"Aelo On Informativo Peri\u00f3dico Ano 22\u2013 N.\u00ba 966 S\u00e3o Paulo, 23 de novembro de 2023 Hoje, faltam s\u00f3 quatro dias para terminar o prazo para as empresas de loteamento e desenvolvimento urbano do Pa\u00eds \u2013 associadas \u00e0 AELO e n\u00e3o associadas \u2013 responderem ao question\u00e1rio da grande pesquisa AELO Ecconit, cujos informa\u00e7\u00f5es dever\u00e3o possibilitar a [&hellip;]","og_url":"https:\/\/aelo.com.br\/edicoes-anteriores\/boletim-online-966\/","og_site_name":"Aelo","twitter_card":"summary_large_image","twitter_misc":{"Est. tempo de leitura":"27 minutos"},"schema":{"@context":"https:\/\/schema.org","@graph":[{"@type":"WebPage","@id":"https:\/\/aelo.com.br\/edicoes-anteriores\/boletim-online-966\/","url":"https:\/\/aelo.com.br\/edicoes-anteriores\/boletim-online-966\/","name":"Boletim Online 966 - Aelo","isPartOf":{"@id":"https:\/\/aelo.com.br\/edicoes-anteriores\/#website"},"datePublished":"2024-07-16T19:15:25+00:00","dateModified":"2024-07-16T19:15:25+00:00","breadcrumb":{"@id":"https:\/\/aelo.com.br\/edicoes-anteriores\/boletim-online-966\/#breadcrumb"},"inLanguage":"pt-BR","potentialAction":[{"@type":"ReadAction","target":["https:\/\/aelo.com.br\/edicoes-anteriores\/boletim-online-966\/"]}]},{"@type":"BreadcrumbList","@id":"https:\/\/aelo.com.br\/edicoes-anteriores\/boletim-online-966\/#breadcrumb","itemListElement":[{"@type":"ListItem","position":1,"name":"In\u00edcio","item":"https:\/\/aelo.com.br\/edicoes-anteriores\/"},{"@type":"ListItem","position":2,"name":"Boletim Online 966"}]},{"@type":"WebSite","@id":"https:\/\/aelo.com.br\/edicoes-anteriores\/#website","url":"https:\/\/aelo.com.br\/edicoes-anteriores\/","name":"Aelo","description":"Associa\u00e7\u00e3o das Empresas de Loteamento e Desenvolvimento Urbano","publisher":{"@id":"https:\/\/aelo.com.br\/edicoes-anteriores\/#organization"},"potentialAction":[{"@type":"SearchAction","target":{"@type":"EntryPoint","urlTemplate":"https:\/\/aelo.com.br\/edicoes-anteriores\/?s={search_term_string}"},"query-input":"required name=search_term_string"}],"inLanguage":"pt-BR"},{"@type":"Organization","@id":"https:\/\/aelo.com.br\/edicoes-anteriores\/#organization","name":"Aelo","url":"https:\/\/aelo.com.br\/edicoes-anteriores\/","logo":{"@type":"ImageObject","inLanguage":"pt-BR","@id":"https:\/\/aelo.com.br\/edicoes-anteriores\/#\/schema\/logo\/image\/","url":"https:\/\/aelo.com.br\/edicoes-anteriores\/wp-content\/uploads\/2024\/03\/logo-bk.svg","contentUrl":"https:\/\/aelo.com.br\/edicoes-anteriores\/wp-content\/uploads\/2024\/03\/logo-bk.svg","width":159,"height":39,"caption":"Aelo"},"image":{"@id":"https:\/\/aelo.com.br\/edicoes-anteriores\/#\/schema\/logo\/image\/"}}]}},"_links":{"self":[{"href":"https:\/\/aelo.com.br\/edicoes-anteriores\/wp-json\/wp\/v2\/pages\/16597"}],"collection":[{"href":"https:\/\/aelo.com.br\/edicoes-anteriores\/wp-json\/wp\/v2\/pages"}],"about":[{"href":"https:\/\/aelo.com.br\/edicoes-anteriores\/wp-json\/wp\/v2\/types\/page"}],"author":[{"embeddable":true,"href":"https:\/\/aelo.com.br\/edicoes-anteriores\/wp-json\/wp\/v2\/users\/2"}],"replies":[{"embeddable":true,"href":"https:\/\/aelo.com.br\/edicoes-anteriores\/wp-json\/wp\/v2\/comments?post=16597"}],"version-history":[{"count":4,"href":"https:\/\/aelo.com.br\/edicoes-anteriores\/wp-json\/wp\/v2\/pages\/16597\/revisions"}],"predecessor-version":[{"id":16615,"href":"https:\/\/aelo.com.br\/edicoes-anteriores\/wp-json\/wp\/v2\/pages\/16597\/revisions\/16615"}],"wp:attachment":[{"href":"https:\/\/aelo.com.br\/edicoes-anteriores\/wp-json\/wp\/v2\/media?parent=16597"}],"curies":[{"name":"wp","href":"https:\/\/api.w.org\/{rel}","templated":true}]}}