{"id":16465,"date":"2024-07-16T16:15:17","date_gmt":"2024-07-16T19:15:17","guid":{"rendered":"https:\/\/aelo.com.br\/edicoes-anteriores\/?page_id=16465"},"modified":"2024-07-16T16:15:17","modified_gmt":"2024-07-16T19:15:17","slug":"boletim-online-959","status":"publish","type":"page","link":"https:\/\/aelo.com.br\/edicoes-anteriores\/boletim-online-959\/","title":{"rendered":"Boletim Online 959"},"content":{"rendered":"<h1 style=\"text-align: center;\"><strong><span style=\"color: #0e5537;\">Boletim Online<\/span><\/strong><\/h1>\n<h3 style=\"text-align: center;\"><strong>Informativo Peri\u00f3dico<\/strong><\/h3>\n<h2 style=\"text-align: center;\"><strong>Ano 22\u2013 N.\u00ba 959<\/strong><\/h2>\n<h3 style=\"text-align: center;\"><strong>S\u00e3o Paulo, 05 de outubro de 2023<\/strong><\/h3>\n<p><span style=\"font-weight: 400;\">Nesta quinta-feira, 5 de outubro, das 19 \u00e0s 22 horas, dever\u00e1 ocorrer o Encontro de Encerramento do 33.\u00ba Programa de Cursos de Atividades Espec\u00edficas de Loteamentos. O programa \u00e9 uma iniciativa da Universidade Corporativa Secovi, que leva adiante os cursos criados em 1991 pelo saudoso professor Vicente C. Amadei (1932-2020). As aulas deste ano, distribu\u00eddas em seis m\u00f3dulos, come\u00e7aram em 2 de maio. Um sucesso, do in\u00edcio ao fim, com alunos de oito Estados.<\/span><\/p>\n<p><span style=\"font-weight: 400;\">A professora Mariangela Iamondi Machado, coordenadora do programa anual desde 2021, fez um entusiasmado balan\u00e7o dos Cursos, na reuni\u00e3o do Comit\u00ea de Desenvolvimento Urbano (CDU) de 14 de setembro, a convite do coordenador Caio Portugal, tamb\u00e9m presidente da AELO e vice-presidente de Desenvolvimento Urbano e Meio Ambiente do Secovi-SP.\u00a0<\/span><\/p>\n<p><span style=\"font-weight: 400;\">Quanto \u00e0 etapa de encerramento de sua miss\u00e3o de 2023, Mariangela explicou: \u201cNeste encontro on-line do dia 5, teremos a oportunidade de conhecer um pouco mais sobre Intelig\u00eancia Artificial aplicada ao Planejamento Urbano com a startup UrbIA Urban Tech, que desenvolve estudos \u00e1geis de viabilidade urban\u00edstica e traz solu\u00e7\u00f5es de tecnologia e design para o mercado de loteamentos\u201d.<\/span><\/p>\n<p><span style=\"font-weight: 400;\">Mariangela \u00e9 tamb\u00e9m coordenadora do GPARSOLO, o grupo formado por especialistas que se destacaram como alunos dos cursos nos \u00faltimos anos e que se re\u00fanem trimestralmente. Esta foto, tirada por Cal\u00e3o Jorge, mostra a professora Mariangela comandando uma movimentada reuni\u00e3o do grupo, na manh\u00e3 de 14 de setembro.<\/span><span style=\"font-weight: 400;\">No evento on-line de hoje, tamb\u00e9m haver\u00e1 a apresenta\u00e7\u00e3o da Vokkan, empresa de desenvolvimento urbano que atua em ecossistemas sustent\u00e1veis e inteligentes, por meio de modelos de neg\u00f3cios disruptivos em tr\u00eas frentes (Urbanismo, Properties e Incorpora\u00e7\u00e3o Imobili\u00e1ria). A empresa vai compartilhar experi\u00eancias, aprendizados e boas pr\u00e1ticas na idealiza\u00e7\u00e3o e implanta\u00e7\u00e3o do Bairro Planejado Viva Park Porto Belo, em Santa Catarina.<\/span><\/p>\n<p><span style=\"font-weight: 400;\">Podem participar deste encontro, gratuitamente, profissionais que atuam na \u00e1rea de desenvolvimento urbano: desenvolvedores, loteadores, incorporadores, construtores, arquitetos, urbanistas, engenheiros, advogados, administradores, gestores, consultores, corretores, t\u00e9cnicos e servidores p\u00fablicos.<\/span><\/p>\n<p><b>PROGRAMA\u00c7\u00c3O\u00a0<\/b><\/p>\n<p><b>Abertura<\/b><\/p>\n<ul>\n<li style=\"font-weight: 400;\" aria-level=\"1\"><b>Mariangela Machado<\/b><span style=\"font-weight: 400;\">\u00a0\u2013 Coordenadora do Programa de Cursos de Loteamentos, diretora de Associa\u00e7\u00f5es em Loteamentos e Bairros Planejados do Secovi-SP, membro do Conselho de Administra\u00e7\u00e3o da ADIT Brasil, gestora da AELO e membro da Comiss\u00e3o de Loteamentos e Comunidades Planejadas do Ibradim.<\/span><\/li>\n<\/ul>\n<p><b>Import\u00e2ncia do curso e da Universidade Corporativa Secovi-SP<\/b><\/p>\n<ul>\n<li style=\"font-weight: 400;\" aria-level=\"1\"><b>Jaques Bushatsky\u00a0<\/b><span style=\"font-weight: 400;\">\u2013 Pr\u00f3-reitor da Universidade Corporativa Secovi, coordenador do Programa Qualifica\u00e7\u00e3o Essencial (PQE) e membro do Conselho Jur\u00eddico do Secovi-SP.<\/span><\/li>\n<\/ul>\n<p><b>Apresenta\u00e7\u00e3o da Startup<\/b><span style=\"font-weight: 400;\">\u00a0<\/span><b>UrbIA Urban Tech<\/b><\/p>\n<ul>\n<li style=\"font-weight: 400;\" aria-level=\"1\"><b>Luis Antonio Camargo<\/b><span style=\"font-weight: 400;\">\u00a0\u2013 S\u00f3lido Urbanismo e CEO da UrbIA \u2013 Intelig\u00eancia Artificial para Planejamento Urbano.<\/span><\/li>\n<\/ul>\n<p><b>Apresenta\u00e7\u00e3o do Case Viva Park Porto<\/b><span style=\"font-weight: 400;\">\u00a0<\/span><b>Belo<\/b><\/p>\n<ul>\n<li style=\"font-weight: 400;\" aria-level=\"1\"><b>Luciano Borghesi Filho<\/b><span style=\"font-weight: 400;\">\u00a0\u2013 S\u00f3cio-propriet\u00e1rio da\u00a0DRTZ \u2013 Estrat\u00e9gia de Produto Imobili\u00e1rio e docente da Universidade\u00a0Corporativa Secovi.<\/span><\/li>\n<li style=\"font-weight: 400;\" aria-level=\"1\"><b>Andr\u00e9 Miranda<\/b><span style=\"font-weight: 400;\">\u00a0\u2013\u00a0S\u00f3cio-fundador Vokkan.<\/span><\/li>\n<li style=\"font-weight: 400;\" aria-level=\"1\"><b>Julio Kipper\u00a0<\/b><span style=\"font-weight: 400;\">\u2013 S\u00f3cio-fundador Vokkan<\/span><\/li>\n<li style=\"font-weight: 400;\" aria-level=\"1\"><b>Rafael Kirchner\u00a0\u2013<\/b><span style=\"font-weight: 400;\">\u00a0S\u00f3cio-fundador Vokkan<\/span><\/li>\n<\/ul>\n<p><b>SERVI\u00c7O<\/b><b><br \/>\n<\/b><b>Encontro de Encerramento do Programa de Cursos de Loteamentos<\/b><span style=\"font-weight: 400;\"><br \/>\n<\/span><span style=\"font-weight: 400;\">Data: 5\/10\/2023 (quinta-feira)<\/span><span style=\"font-weight: 400;\"><br \/>\n<\/span><span style=\"font-weight: 400;\">Hor\u00e1rio: A partir das 19 horas \u2013 On-line, via Zoom<\/span><span style=\"font-weight: 400;\"><br \/>\n<\/span><span style=\"font-weight: 400;\">Contato: (11) 5591-1300 | uni@secovi.com.br<\/span><\/p>\n<p><b>Inscri\u00e7\u00f5es: <\/b><span style=\"font-weight: 400;\">\u00a0<\/span><\/p>\n<p><a href=\"https:\/\/us02web.zoom.us\/webinar\/register\/WN_nj6x42m2RnGsN12Ac2Gzqw#\/registration\"><span style=\"font-weight: 400;\">https:\/\/us02web.zoom.us\/webinar\/register\/WN_nj6x42m2RnGsN12Ac2Gzqw#\/registration<\/span><\/a><span style=\"font-weight: 400;\">Esta foto de Cal\u00e3o Jorge mostra, da esquerda para a direita, M\u00e1rcio Pascholati, Eduardo Zorzenoni, S\u00f4nia Dias e Andr\u00e9a Leite: eles s\u00e3o da equipe da sede da AELO, que conta tamb\u00e9m com a professora Mariangela Machado, todos \u00e0 disposi\u00e7\u00e3o da Diretoria e dos mais de mil associados da nossa entidade, espalhados por 21 Estados. Os experientes M\u00e1rcio e Mariangela, gestores da AELO desde 9 de mar\u00e7o de 2022, supervisionam o trabalho dos dedicados Eduardo (opera\u00e7\u00f5es), S\u00f4nia (atendimento) e Andr\u00e9a (financeiro), um grupo sob a lideran\u00e7a do presidente Caio Portugal e dos demais diretores da associa\u00e7\u00e3o.<\/span>A foto foi tirada por Cal\u00e3o Jorge em 14 de setembro, pouco antes da reuni\u00e3o do Comit\u00ea de Desenvolvimento Urbano (CDU), no Milenium Centro de Conven\u00e7\u00f5es, em S\u00e3o Paulo. E onde estava Mariangela? J\u00e1 estava tamb\u00e9m trabalhando naquele momento, por\u00e9m num outro local do pr\u00e9dio: na coordena\u00e7\u00e3o da reuni\u00e3o trimestral dos membros do GPARSOLO, cuja foto aparece na nota de abertura deste boletim.<span style=\"font-weight: 400;\">A pr\u00f3xima quinta-feira, 12 de outubro, ser\u00e1 feriado religioso em todo o Pa\u00eds: Dia da Padroeira do Brasil, Nossa Senhora Aparecida. \u00c9 um dia de f\u00e9, dedicado aos que veneram a Virgem Maria, simbolizada pela imagem encontrada por pescadores h\u00e1 mais de 300 anos, nas \u00e1guas do Rio Para\u00edba do Sul, no Estado de S\u00e3o Paulo. A pequena imagem (foto) fica exposta no Santu\u00e1rio de Aparecida, um dos maiores e mais visitados templos cat\u00f3licos do mundo. No dia 12, milhares de romeiros de todas as regi\u00f5es do Brasil se dirigem \u00e0 cidade de Aparecida, no Vale do Para\u00edba, a 180 quil\u00f4metros de S\u00e3o Paulo, para orar e pagar promessas.<\/span><span style=\"font-weight: 400;\">A quinta-feira ser\u00e1 um dia de reflex\u00f5es para cat\u00f3licos e para os que seguem as demais vertentes do cristianismo, entre os quais evang\u00e9licos e esp\u00edritas. Uma vez que o Papa Francisco defende o respeito a todas as religi\u00f5es, proclamando a necessidade de paz entre os povos, o boletim AELO ON n\u00e3o fica \u00e0 margem dessa tend\u00eancia universal e deseja a todos um Feliz Dia da Padroeira.<\/span><\/p>\n<p><span style=\"font-weight: 400;\">O feriado religioso do dia 12 foi criado pelo governo federal, em 1981, em aten\u00e7\u00e3o \u00e0 escolha da data da Padroeira pelo ent\u00e3o papa Jo\u00e3o Paulo II, que havia visitado o Brasil em 1980.<\/span><\/p>\n<p><span style=\"font-weight: 400;\">O 12 de outubro marca tamb\u00e9m o 531.\u00ba anivers\u00e1rio da Descoberta da Am\u00e9rica por Crist\u00f3v\u00e3o Colombo. Em respeito a Colombo, essa data tem sido festiva em v\u00e1rios pa\u00edses. Nos Estados Unidos, h\u00e1 o Columbus Day, celebrado, a cada ano, na segunda segunda-feira de outubro. Por outro lado, alguns pa\u00edses latino-americanos optam por considerar 12 de outubro o Dia da Ra\u00e7a, em que lamentam o fato de a chegada de expedi\u00e7\u00f5es espanholas ao continente, a partir de 1492, ter acarretado s\u00e9culos de coloniza\u00e7\u00e3o, per\u00edodo em que foram mortos in\u00fameros membros dos povos nativos, das civiliza\u00e7\u00f5es pr\u00e9-colombianas.\u00a0<\/span><\/p>\n<p><span style=\"font-weight: 400;\">O 12 de outubro no Brasil, al\u00e9m de ser o Dia da Padroeira, de devo\u00e7\u00e3o crist\u00e3, \u00e9 uma data de alegria para as fam\u00edlias, que comemoram o Dia das Crian\u00e7as.<\/span><\/p>\n<p><span style=\"font-weight: 400;\">Na AELO, n\u00e3o haver\u00e1 expediente nos dias 12 e 13, assim como no fim de semana. Assim, o funcionamento da sede da entidade, na pr\u00f3xima semana, ser\u00e1 normal somente at\u00e9 quarta-feira, dia 11, \u00e0s 17 horas. A sede reabre no dia 16, segunda-feira.<\/span><\/p>\n<p><span style=\"font-weight: 400;\">O boletim informativo AELO ON, que chega aos leitores habitualmente \u00e0s quintas-feiras, desta vez ser\u00e1 antecipado para quarta-feira. Um dos destaques da edi\u00e7\u00e3o n.\u00ba 960 ser\u00e1 a cobertura jornal\u00edstica do encerramento on-line do Programa de Cursos de Atividades Espec\u00edficas de Loteamentos 2023, da Universidade Secovi, programado para hoje, dia 5, \u00e0s 19 horas.<\/span><span style=\"font-weight: 400;\">O jornalista, professor e escritor Luiz Carlos Ramos, que \u00e9 assessor de Comunica\u00e7\u00e3o da AELO h\u00e1 22 anos, agradece aos in\u00fameros membros da entidade que o cumprimentaram pessoalmente ou por mensagens pelo lan\u00e7amento do seu oitavo livro, \u201cVida de Jornalista\u201d, ocorrido em 25 de setembro, em S\u00e3o Paulo. <\/span><span style=\"font-weight: 400;\">Luiz Carlos, respons\u00e1vel pelos textos do boletim AELO ON, escolheu esta foto para, por meio dela, homenagear todos os integrantes da AELO que o incentivam no trabalho de jornalista, professor e escritor. Junto ao autor do livro, est\u00e3o Jorge F\u00e9lix Donadelli, que viajou 400 quil\u00f4metros, de Franca a S\u00e3o Paulo, especialmente para acompanhar o lan\u00e7amento, e seu filho, Jorgito Donadelli, diretor de Rela\u00e7\u00f5es Institucionais da AELO. Os dois dirigem a empresa JFD Empreendimentos Imobili\u00e1rios, de Franca. Pai e filho cultivam o saud\u00e1vel h\u00e1bito de leitura, entre seus passatempos. No futebol, s\u00e3o palmeirenses.<\/span><\/p>\n<p><span style=\"font-weight: 400;\">O evento, na Pizzaria Margherita, no Jardim Paulista, foi um sucesso. L\u00e1 compareceram mais de 150 pessoas, em busca do livro. Al\u00e9m de tudo, puderam ver de perto a faixa de campe\u00e3o mundial do S\u00e3o Paulo, que o s\u00e3o-paulino Luiz Carlos trouxe de T\u00f3quio, onde cobriu o Mundial de Clubes de 1992, e aproveitaram para se confraternizar, num jantar de pizza e vinho.\u00a0<\/span><\/p>\n<p><span style=\"font-weight: 400;\">Luis Paulo Germanos, Ciro Scopel e Ceci Kr\u00e4henb\u00fchl Piccina, da ala s\u00e3o-paulina da AELO, animados com a atual fase de sucesso do time Tricolor, fizeram quest\u00e3o de botar a m\u00e3o na faixa aut\u00eantica, igual \u00e0s que o t\u00e9cnico Tel\u00ea Santana, o capit\u00e3o Ra\u00ed e os demais jogadores receberam ap\u00f3s a vit\u00f3ria contra o Barcelona por 2 a 1, no Jap\u00e3o. Em 1993, o S\u00e3o Paulo foi \u201cbi\u201d, vencendo o Milan por 3 a 2. Os dois primeiros t\u00edtulos mundiais do Tricolor est\u00e3o no cap\u00edtulo 28 de \u201cVida de Jornalista\u201d.\u00a0<\/span><\/p>\n<p><span style=\"font-weight: 400;\">As 254 p\u00e1ginas do livro fora v\u00e1rios outros temas, como os desafios de um professor de Jornalismo; os Estados Unidos que o turista n\u00e3o v\u00ea; a Alemanha antes e ap\u00f3s a queda do Muro de Berlim; o terrorismo de 2004 em trens da Espanha; a hist\u00f3ria dos sobreviventes do acidente dos Andes de 1972; as diferen\u00e7as entre a R\u00fassia de 1980 e a de 2018; a saga de mulheres jornalistas para tentar trabalhar na \u00e1rea de esportes em 1973; a revela\u00e7\u00e3o de que o desconhecido Amyr Klink atravessaria o Oceano Atl\u00e2ntico num barco a remo em 1984, e o trabalho de escrever as biografias do eterno presidente corintiano Vicente Matheus, do goleador Ronaldo Fen\u00f4meno, do campe\u00e3o de v\u00f4lei Ricardinho, do empres\u00e1rio imobili\u00e1rio Assis de Almeida e do grupo Odebrecht.<\/span><\/p>\n<p><span style=\"font-weight: 400;\">O segundo pavimento da Pizzaria Margherita ficou todo reservado para o lan\u00e7amento do livro \u201cVida de Jornalista\u201d, gra\u00e7as \u00e0 cordialidade do propriet\u00e1rio, Ant\u00f4nio Carlos de Toledo, amigo de Luiz Carlos h\u00e1 mais de 30 anos. Antes de se formar em Administra\u00e7\u00e3o de Empresas e se tornar dono de restaurantes, Ant\u00f4nio Carlos jogou no S\u00e3o Paulo Futebol Clube, como ponta-esquerda reserva do grande driblador Canhoteiro, e se orgulha de manter o apelido daquela \u00e9poca, Esquerdinha.\u00a0<\/span><\/p>\n<p><span style=\"font-weight: 400;\">Ant\u00f4nio Carlos \u00e9 primo de S\u00edlvia Sommerlath, a rainha S\u00edlvia, da Su\u00e9cia, que morou em S\u00e3o Paulo por 11 anos (de 1946 a 1957) e que se casou com o rei Carl Gustaf em 1976. S\u00edlvia, nascida em 1943, em Heidelberg, na Alemanha, \u00e9 filha da brasileira Alice de Toledo e do empres\u00e1rio alem\u00e3o Walter Sommerlath. Em recente entrevista ao jornalista Pedro Bial para a TV Globo, ela relembrou, em portugu\u00eas, suas afetivas liga\u00e7\u00f5es com o Brasil e, sorrindo, disse que \u201ca melhor pizza do mundo \u00e9 a da Margherita\u201d. Em 1985, a rainha criou, na cidade de Rio Claro, no Interior paulista, o Centro de Habilita\u00e7\u00e3o Infantil Princesa Victoria, financiado pelo governo sueco e gerido pelo governo do Estado, tendo como objetivo prestar assist\u00eancia a crian\u00e7as deficientes. Victoria, filha mais velha do casal real, \u00e9 a herdeira do trono da Su\u00e9cia.<\/span><\/p>\n<p><span style=\"font-weight: 400;\">O criativo e experiente rep\u00f3rter fotogr\u00e1fico Cal\u00e3o Jorge, da AELO e do Secovi-SP, fez ampla cobertura do lan\u00e7amento do livro de Luiz Carlos Ramos. Algumas das melhores fotos foram utilizadas pela ag\u00eancia 6P no Instagram da AELO. O autor do livro agradece a Cal\u00e3o, \u00e0 6P e \u00e0 AELO.<\/span><span style=\"font-weight: 400;\">Ser\u00e1 hoje, 5 de outubro, \u00e0s 13h30, no audit\u00f3rio do Minist\u00e9rio P\u00fablico do Estado de Goi\u00e1s, em Goi\u00e2nia, o esperado Workshop sobre o Lote Legal. O evento \u00e9 organizado pela Associa\u00e7\u00e3o dos Desenvolvedores Urbanos de Goi\u00e1s (ADU-GO) e pelo Secovi-Goi\u00e1s, com apoio da AELO de \u00e2mbito nacional. Durante o Workshop, de transmiss\u00e3o on-line, vai ocorrer a instala\u00e7\u00e3o do F\u00f3rum Permanente do Lote Legal, pela amplia\u00e7\u00e3o do combate aos loteamentos clandestinos em todo o Pa\u00eds.<\/span><\/p>\n<p><span style=\"font-weight: 400;\">A AELO, idealizadora da campanha Lote Legal, tem recebido in\u00fameras ades\u00f5es a esse movimento nacional. A equipe da nossa sede, em S\u00e3o Paulo, fica \u00e0 disposi\u00e7\u00e3o dos organizadores do evento para responder \u00e0s quest\u00f5es a serem eventualmente levantadas em Goi\u00e2nia.\u00a0<\/span><\/p>\n<p><span style=\"font-weight: 400;\">Al\u00e9m de tudo, o workshop dever\u00e1 ampliar a ades\u00e3o de munic\u00edpios do Centro-Oeste \u00e0 campanha Lote Legal, uma vez que v\u00e1rias prefeituras de Goi\u00e1s, Mato Grosso do Sul e Mato Grosso j\u00e1 v\u00eam combatendo os loteamentos clandestinos e est\u00e3o abertas a novas parcerias.<\/span><span style=\"font-weight: 400;\">Em 14 de setembro, logo ap\u00f3s a reuni\u00e3o do CDU, em S\u00e3o Paulo, o presidente da AELO, Caio Portugal conversou com o presidente da ADU-GO e vice-presidente do Secovi de Goi\u00e1s, Jo\u00e3o Victor Ara\u00fajo. Ambos aparecem nesta foto, tendo \u00e0 esquerda o engenheiro civil Jonas Mattos, representante da AELO e do Secovi-SP nas reuni\u00f5es do Graprohab. No encontro, Caio refor\u00e7ou junto \u00e0 ADU-GO a import\u00e2ncia da parceria entre as duas entidades, fundamental na bem-sucedida luta para a inclus\u00e3o do lote urbanizado no novo programa habitacional Minha Casa Minha Vida. A edi\u00e7\u00e3o do boletim AELO ON da pr\u00f3xima semana ter\u00e1 uma cobertura jornal\u00edstica do evento de Goi\u00e2nia.<\/span><span style=\"font-weight: 400;\">O munic\u00edpio de S\u00e3o Crist\u00f3v\u00e3o, na regi\u00e3o de Aracaju, no Estado de Sergipe vem tomando provid\u00eancias para impor respeito \u00e0s leis e normas sobre desenvolvimento urbano. Em 26 de setembro, houve, no Pa\u00e7o Municipal, uma Reuni\u00e3o de Planejamento e Acompanhamento do Censo (REPAC) entre o Instituto Brasileiro de Geografia e Estat\u00edstica (IBGE), Prefeitura de S\u00e3o Crist\u00f3v\u00e3o e representantes de diversas comunidades da cidade, com o objetivo de discutir quest\u00f5es acerca dos aglomerados subnormais que comp\u00f5em o territ\u00f3rio do munic\u00edpio (foto).<\/span><span style=\"font-weight: 400;\">Representando o Instituto, o coordenador da \u00e1rea de S\u00e3o Crist\u00f3v\u00e3o, Lucas Rodrigues, confirmou a validade das informa\u00e7\u00f5es que o IBGE havia coletado em 2018 a respeito dos aglomerados subnormais do munic\u00edpio, que se caracterizam como ocupa\u00e7\u00f5es irregulares de terrenos e que, em geral, possuem um padr\u00e3o urban\u00edstico irregular. Em S\u00e3o Crist\u00f3v\u00e3o, conforme o levantamento do IBGE, 14 comunidades foram identificadas com essas caracter\u00edsticas.\u00a0<\/span><\/p>\n<p><span style=\"font-weight: 400;\">Lucas Rodrigues explicou: \u201cA nossa finalidade, hoje, \u00e9 validar algumas informa\u00e7\u00f5es que foram coletadas em 2018, j\u00e1 que se passaram cinco anos desde ent\u00e3o, e algumas classifica\u00e7\u00f5es poderiam n\u00e3o mais corresponder \u00e0 realidade. Junto \u00e0s comunidades e a Prefeitura, n\u00f3s tentamos validar se esses locais se caracterizam como invas\u00e3o, loteamento irregular, ou outra denomina\u00e7\u00e3o, e se a nomenclatura utilizada pelo IBGE \u00e9 a mesma que os comunit\u00e1rios e o munic\u00edpio utilizam atualmente\u201d.<\/span><\/p>\n<p><span style=\"font-weight: 400;\">Um dos secret\u00e1rios municipais presentes no encontro foi J\u00falio J\u00fanior, respons\u00e1vel pela pasta da Infraestrutura, que destacou que o conte\u00fado apresentado pelo IBGE est\u00e1 em sintonia com o trabalho que vem sendo desenvolvido pela sua secretaria. \u201cCoincidentemente n\u00f3s estamos elaborando o Plano Local de Habita\u00e7\u00e3o de Interesse Social, e o IBGE apresentou hoje dados importantes que ser\u00e3o utilizados nesse processo de constru\u00e7\u00e3o\u201d, disse J\u00falio. \u201cN\u00f3s estamos justamente na fase do levantamento de dados e, a partir disso. faremos um planejamento para cumprir as metas\u201d.<\/span><\/p>\n<p><span style=\"font-weight: 400;\">Durante o encontro, o prefeito Marcos Santana refor\u00e7ou a import\u00e2ncia de se manter o di\u00e1logo com o IBGE e enfatizou que os dados obtidos por meio do Censo Demogr\u00e1fico de 2022 contribuir\u00e3o para o planejamento do munic\u00edpio nos pr\u00f3ximos anos.\u00a0 \u201cN\u00f3s j\u00e1 estamos trabalhando todo o nosso planejamento dentro dos objetivos tra\u00e7ados\u201d, disse o prefeito. \u201cNo pr\u00f3ximo ano, com as informa\u00e7\u00f5es do IBGE, teremos a base do Plano Plurianual a ser desenvolvido a partir de janeiro\u201d.<\/span><span style=\"font-weight: 400;\">Um corretor de im\u00f3veis e o dono de uma imobili\u00e1ria foram presos, em 27 de setembro, sob suspeita de venda de lotes clandestinos, na zona rural do munic\u00edpio de S\u00e3o Miguel Arcanjo, na regi\u00e3o de Sorocaba, no Interior de S\u00e3o Paulo. Recentemente, a prefeitura de Sorocaba fechou com a AELO a ades\u00e3o \u00e0 campanha Lote Legal, de combate aos clandestinos.<\/span><\/p>\n<p><span style=\"font-weight: 400;\">O flagrante ocorreu durante opera\u00e7\u00e3o do Minist\u00e9rio P\u00fablico de S\u00e3o Paulo (MP-SP) e da Pol\u00edcia Civil. O esquema foi descoberto pelo MP ap\u00f3s den\u00fancias de um tabeli\u00e3o de im\u00f3veis da cidade. A prefeitura fiscalizou os lotes, no bairro Abaitinga, constatou as irregularidades e, em seguida, embargou os terrenos.<\/span><span style=\"font-weight: 400;\">Equipes da Pol\u00edcia Civil e do MP se dirigiram ao local e, simulando serem poss\u00edveis clientes, flagraram a tentativa de venda ilegal.\u00a0Os suspeitos enganavam as v\u00edtimas, alegando que a documenta\u00e7\u00e3o do im\u00f3vel estaria regularizada e registrada na prefeitura. Na verdade, n\u00e3o estava.<\/span><\/p>\n<p><span style=\"font-weight: 400;\">As investiga\u00e7\u00f5es apontam que<\/span><b>\u00a0<\/b><span style=\"font-weight: 400;\">ao menos sete pessoas foram v\u00edtimas dos golpistas<\/span><b>,\u00a0<\/b><span style=\"font-weight: 400;\">que sofreram preju\u00edzo de aproximadamente R$ 100 mil.<\/span><\/p>\n<p><span style=\"font-weight: 400;\">A dupla foi presa em flagrante pelo crime de loteamento clandestino e levada at\u00e9 a delegacia do munic\u00edpio. O delegado estipulou fian\u00e7a de R$ 5 mil para cada preso.<\/span><\/p>\n<p><span style=\"font-weight: 400;\">O munic\u00edpio de S\u00e3o Miguel Arcanjo, de cerca de 32 mil habitantes, est\u00e1 localizado na\u00a0regi\u00e3o Sudoeste e na 19.\u00aa Regi\u00e3o Administrativa do Estado de S\u00e3o Paulo\u00a0e encontra-se a uma altitude de 659 metros acima do n\u00edvel do mar. Em linha reta, s\u00e3o 143 km at\u00e9 a Capital. Pela rodovia Castelo Branco s\u00e3o 182 km. O prefeito \u00e9 Paulo Ricardo da Silva.<\/span><span style=\"font-weight: 400;\">Foram anunciados, na noite de 27 de setembro, os vencedores da 29.\u00aa edi\u00e7\u00e3o do Pr\u00eamio Master Imobili\u00e1rio. Promo\u00e7\u00e3o conjunta do Secovi-SP e da FIABCI Brasil (entidades parceiras da AELO), a cerim\u00f4nia foi realizada nos sal\u00f5es do Clube Atl\u00e9tico Monte L\u00edbano, no bairro do Ibirapuera, em S\u00e3o Paulo. \u00c9 uma premia\u00e7\u00e3o que consagra anualmente os melhores empreendimentos e as mais bem-sucedidas iniciativas de empresas e profissionais do setor no Pa\u00eds.<\/span><span style=\"font-weight: 400;\">A abertura do evento ficou a cargo dos anfitri\u00f5es, os presidentes Jos\u00e9 Romeu Ferraz Neto (Fiabci-Brasil) e Rodrigo Luna (Secovi-SP), que aparecem nesta foto. Eles manifestaram a honra das suas entidades em promover o Master, exaltando o trabalho de todos os segmentos imobili\u00e1rios, o legado hist\u00f3rico do setor para a sociedade e as pr\u00f3ximas gera\u00e7\u00f5es, ressaltando, ainda os desafios enfrentados.\u00a0<\/span><\/p>\n<p><span style=\"font-weight: 400;\">O momento especial do nosso setor foi marcado tamb\u00e9m pela posse de Flavio Amary na presid\u00eancia da FIABCI Brasil. Flavio, que presidiu a AELO e o Secovi-SP, falou ao p\u00fablico do Master sobre seus planos para o bi\u00eanio 2023-2025.\u00a0<\/span><\/p>\n<p><span style=\"font-weight: 400;\">A noite do Master foi prestigiada pelo secret\u00e1rio de Estado de Governo e Rela\u00e7\u00f5es Institucionais de S\u00e3o Paulo, Gilberto Kassab, que representou o governador Tarc\u00edsio de Freitas; e pelo prefeito de S\u00e3o Paulo, Ricardo Nunes. Em sua fala, Nunes destacou a import\u00e2ncia do setor imobili\u00e1rio e do Master, promo\u00e7\u00e3o que premia as pessoas que trazem seus projetos, buscando sempre a melhoria e a inova\u00e7\u00e3o: \u201cEsse \u00e9 o nosso grande desafio, buscar sempre a melhoria. Parab\u00e9ns aos ganhadores\u201d.<\/span><span style=\"font-weight: 400;\">Neste ano, foram inscritos ao Master quase cem trabalhos de todas as regi\u00f5es do Pa\u00eds. Ao todo, foram 24 trabalhos contemplados nas categorias Empreendimento e Profissional, conforme indica\u00e7\u00e3o de um corpo de jurados totalmente independente, al\u00e9m do\u00a0<\/span><i><span style=\"font-weight: 400;\">\u201chors concours\u201d<\/span><\/i><span style=\"font-weight: 400;\">\u00a0escolhido pelas duas entidades: a ag\u00eancia Publicidade Archote por sua trajet\u00f3ria de sucesso no atendimento publicit\u00e1rio dos mais renomados players do segmento imobili\u00e1rio nacional e pelas in\u00fameras campanhas e iniciativas criativas, inovadoras e arrojadas.<\/span><\/p>\n<p><span style=\"font-weight: 400;\">Esta foto, tirada por Cal\u00e3o Jorge, mostra todos os ganhadores do Master 2023, com seus respectivos trof\u00e9us.<\/span><span style=\"font-weight: 400;\">O evento da entrega do Pr\u00eamio Master 2023 foi planejado e produzido para um p\u00fablico de 800 pessoas, entre vencedores, autoridades governamentais, patrocinadores, empres\u00e1rios do setor imobili\u00e1rio de todo o Pa\u00eds e l\u00edderes de entidades nacionais e internacionais ligadas ao mercado Tr\u00eas n\u00fameros musicais deram o tom \u00e0 cerim\u00f4nia, conduzida pelos jornalistas Rodolfo Schneider e Patricia Rocha, e com narra\u00e7\u00e3o de Paulo Andr\u00e9 Jorge Germanos, que tamb\u00e9m atuou como consultor art\u00edstico do Master. Germanos, engenheiro civil, excelente orador, \u00e9 empres\u00e1rio do setor e ex-presidente do Secovi-SP.\u00a0<\/span><\/p>\n<p><span style=\"font-weight: 400;\">O jornal \u201cEstad\u00e3o\u201d, tradicional apoiador de eventos das entidades do setor imobili\u00e1rio, publicou um caderno especial de 24 p\u00e1ginas sobre o Pr\u00eamio Master, na edi\u00e7\u00e3o de 28 de setembro.<\/span><\/p>\n<p><span style=\"font-weight: 400;\">Esta \u00e9 a lista completa dos vencedores do Pr\u00eamio Master 2023:<\/span><\/p>\n<p><b>HORS CONCOURS<\/b><b><br \/>\n<\/b><b>Publicidade Archote<\/b><b><br \/>\n<\/b><b>Do anal\u00f3gico ao digital, hist\u00f3ria disruptiva da Publicidade Archote \u00e9 marcada pelo sucesso<\/b><\/p>\n<p><b>CATEGORIA EMPREENDIMENTO (13 cases contemplados)<\/b><\/p>\n<p><b>HABITA\u00c7\u00c3O ECON\u00d4MICA<\/b><b><br \/>\n<\/b><span style=\"font-weight: 400;\">Empresa:\u00a0<\/span><b>BP8<\/b><b><br \/>\n<\/b><span style=\"font-weight: 400;\">Case:\u00a0\u00a0<\/span><b>Via Rovai<\/b><b><br \/>\n<\/b><span style=\"font-weight: 400;\">Localiza\u00e7\u00e3o:\u00a0<\/span><b>Osasco (SP)<\/b><\/p>\n<p><b>HABITA\u00c7\u00c3O ECON\u00d4MICA<\/b><b><br \/>\n<\/b><span style=\"font-weight: 400;\">Case:\u00a0<\/span><b>Iraj\u00e1 \u2013 Um novo olhar para um novo bairro<\/b><b><br \/>\n<\/b><span style=\"font-weight: 400;\">Empresa:\u00a0<\/span><b>Cury Construtora | Living Empreendimentos Imobili\u00e1rios<\/b><b><br \/>\n<\/b><span style=\"font-weight: 400;\">Localiza\u00e7\u00e3o:\u00a0<\/span><b>Rio de Janeiro (RJ)<\/b><\/p>\n<p><b>HABITA\u00c7\u00c3O ECON\u00d4MICA<\/b><b><br \/>\n<\/b><span style=\"font-weight: 400;\">Case:\u00a0<\/span><b>Setor Total Ville: um bairro, uma nova cidade<\/b><b><br \/>\n<\/b><span style=\"font-weight: 400;\">Empresa:\u00a0<\/span><b>Direcional Engenharia<\/b><b><br \/>\n<\/b><span style=\"font-weight: 400;\">Localiza\u00e7\u00e3o:\u00a0<\/span><b>Santa Maria (DF)<\/b><\/p>\n<p><b>\u00a0RESIDENCIAL<\/b><b><br \/>\n<\/b><span style=\"font-weight: 400;\">Case:\u00a0<\/span><b>Horizonte Flamboyant \u2013 Um presente para Goi\u00e2nia<\/b><b><br \/>\n<\/b><span style=\"font-weight: 400;\">Empresas:\u00a0<\/span><b>Emo\u00e7\u00f5es Incorporadora | GPL Incorporadora<\/b><b><br \/>\n<\/b><span style=\"font-weight: 400;\">Localiza\u00e7\u00e3o:\u00a0<\/span><b>Goi\u00e2nia (GO)<\/b><\/p>\n<p><b>RESIDENCIAL E COMERCIAL<\/b><b><br \/>\n<\/b><span style=\"font-weight: 400;\">Case:\u00a0<\/span><b>O Parque: Semente de um futuro verde para S\u00e3o Paulo<\/b><b><br \/>\n<\/b><span style=\"font-weight: 400;\">Empresa:\u00a0<\/span><b>Gamaro Incorporadora<\/b><b><br \/>\n<\/b><span style=\"font-weight: 400;\">Localiza\u00e7\u00e3o:\u00a0<\/span><b>S\u00e3o Paulo (SP)<\/b><\/p>\n<p><b>\u00a0RETROFIT, COMERCIAL E CONSTRU\u00c7\u00c3O NOVA<\/b><b><br \/>\n<\/b><span style=\"font-weight: 400;\">Case:\u00a0<\/span><b>Passeio Primavera, um lugar com alma<\/b><b><br \/>\n<\/b><span style=\"font-weight: 400;\">Empresa:\u00a0<\/span><b>Hurbana<\/b><b><br \/>\n<\/b><span style=\"font-weight: 400;\">Localiza\u00e7\u00e3o:\u00a0<\/span><b>Florian\u00f3polis\u00a0(SC)<\/b><\/p>\n<p><b>ENSINO E PESQUISA<\/b><b><br \/>\n<\/b><span style=\"font-weight: 400;\">Case:\u00a0<\/span><b>Centro de Ensino e Pesquisa Albert Einstein<\/b><b><br \/>\n<\/b><span style=\"font-weight: 400;\">Empresa:\u00a0<\/span><b>Racional Engenharia<\/b><b><br \/>\n<\/b><span style=\"font-weight: 400;\">Localiza\u00e7\u00e3o:\u00a0<\/span><b>S\u00e3o Paulo (SP)<\/b><\/p>\n<p><b>\u00a0RETROFIT<\/b><b><br \/>\n<\/b><span style=\"font-weight: 400;\">Case:\u00a0<\/span><b>Edif\u00edcio A Tarde<\/b><b><br \/>\n<\/b><span style=\"font-weight: 400;\">Empresa:\u00a0<\/span><b>Prima Empreendimentos<\/b><b><br \/>\n<\/b><span style=\"font-weight: 400;\">Localiza\u00e7\u00e3o:\u00a0<\/span><b>Salvador (BA)<\/b><\/p>\n<p><b>\u00a0LOG\u00cdSTICO<\/b><b><br \/>\n<\/b><span style=\"font-weight: 400;\">Case:\u00a0<\/span><b>Prologis Castelo 46 Galp\u00e3o 400, um desafio bem-sucedido<\/b><b><br \/>\n<\/b><span style=\"font-weight: 400;\">Empresa:\u00a0<\/span><b>Prologis<\/b><b><br \/>\n<\/b><span style=\"font-weight: 400;\">Localiza\u00e7\u00e3o:\u00a0<\/span><b>Ara\u00e7ariguama (SP)<\/b><\/p>\n<p><b>\u00a0RESIDENCIAL<\/b><b><br \/>\n<\/b><span style=\"font-weight: 400;\">Case:\u00a0<\/span><b>Float<\/b><b><br \/>\n<\/b><span style=\"font-weight: 400;\">Empresa:\u00a0<\/span><b>SKR Arquitetura Viva<\/b><b><br \/>\n<\/b><span style=\"font-weight: 400;\">Localiza\u00e7\u00e3o:\u00a0<\/span><b>S\u00e3o Paulo (SP)<\/b><\/p>\n<p><b>RESIDENCIAL<\/b><b><br \/>\n<\/b><span style=\"font-weight: 400;\">Case:\u00a0<\/span><b>Novo \u00edcone de modernismo inspirado no Ibirapuera<\/b><b><br \/>\n<\/b><span style=\"font-weight: 400;\">Empresa:<\/span><b>\u00a0Trisul S\/A<\/b><b><br \/>\n<\/b><span style=\"font-weight: 400;\">Localiza\u00e7\u00e3o:\u00a0<\/span><b>S\u00e3o Paulo (SP)<\/b><\/p>\n<p><b>RESIDENCIAL E COMERCIAL<\/b><b><br \/>\n<\/b><span style=\"font-weight: 400;\">Case:\u00a0<\/span><b>White 2880<\/b><b><br \/>\n<\/b><span style=\"font-weight: 400;\">Empresa:\u00a0<\/span><b>Viwco Construtora | SDI Desenvolvimento Imobili\u00e1rio<\/b><b><br \/>\n<\/b><span style=\"font-weight: 400;\">Localiza\u00e7\u00e3o:\u00a0<\/span><b>S\u00e3o Paulo (SP)<\/b><\/p>\n<p><b>LOG\u00cdSTICO<\/b><b><br \/>\n<\/b><span style=\"font-weight: 400;\">Case:\u00a0<\/span><b>WTLog RBR Franco da Rocha \u2013 Agilidade e qualidade<\/b><b><br \/>\n<\/b><span style=\"font-weight: 400;\">Empresa:<\/span><b>\u00a0WTorre<\/b><b><br \/>\n<\/b><span style=\"font-weight: 400;\">Localiza\u00e7\u00e3o:\u00a0<\/span><b>Franco da Rocha (SP)<\/b><\/p>\n<p><b>CATEGORIA PROFISSIONAL (10 contemplados)<\/b><\/p>\n<p><b>OPORTUNIDADE ESTRAT\u00c9GICA<\/b><b><br \/>\n<\/b><span style=\"font-weight: 400;\">Case:\u00a0<\/span><b>Porto Maravilha \u2013 Habitar \u00e9 preciso<\/b><b><br \/>\n<\/b><span style=\"font-weight: 400;\">Empresa:\u00a0<\/span><b>Cury Construtora<\/b><b><br \/>\n<\/b><span style=\"font-weight: 400;\">Localiza\u00e7\u00e3o:\u00a0<\/span><b>Rio de Janeiro (RJ)<\/b><\/p>\n<p><b>SOLU\u00c7\u00d5ES ARQUITET\u00d4NICAS<\/b><b><br \/>\n<\/b><span style=\"font-weight: 400;\">Case:\u00a0<\/span><b>Allianz Parque<\/b><b><br \/>\n<\/b><span style=\"font-weight: 400;\">Empresa:\u00a0<\/span><b>Edo Rocha Arquiteturas<\/b><b><br \/>\n<\/b><span style=\"font-weight: 400;\">Localiza\u00e7\u00e3o:\u00a0<\/span><b>S\u00e3o Paulo (SP)<\/b><\/p>\n<p><b>SOLU\u00c7\u00d5ES URBAN\u00cdSTICAS<\/b><b><br \/>\n<\/b><span style=\"font-weight: 400;\">Case:\u00a0<\/span><b>Fazenda Itapety<\/b><b><br \/>\n<\/b><span style=\"font-weight: 400;\">Empresas:\u00a0<\/span><b>Helbor | Alden<\/b><b><br \/>\n<\/b><span style=\"font-weight: 400;\">Localiza\u00e7\u00e3o:\u00a0<\/span><b>Mogi das Cruzes (SP)<\/b><\/p>\n<p><b>COMERCIALIZA\u00c7\u00c3O<\/b><b><br \/>\n<\/b><span style=\"font-weight: 400;\">Case:\u00a0<\/span><b>Arena Kazzas Itaquera \u2013 Em pr\u00e9-elei\u00e7\u00e3o, 100% vendido<\/b><b><br \/>\n<\/b><span style=\"font-weight: 400;\">Empresa:\u00a0<\/span><b>Kazzas Incorporadora<\/b><b><br \/>\n<\/b><span style=\"font-weight: 400;\">Localiza\u00e7\u00e3o:\u00a0<\/span><b>S\u00e3o Paulo (SP)<\/b><\/p>\n<p><b>PLANEJAMENTO DE VENDAS<\/b><b><br \/>\n<\/b><span style=\"font-weight: 400;\">Case:\u00a0<\/span><b>Melnick\u00a0Day<\/b><b><br \/>\n<\/b><span style=\"font-weight: 400;\">Empresa:\u00a0<\/span><b>Melnick Desenvolvimento Imobili\u00e1rio<\/b><b><br \/>\n<\/b><span style=\"font-weight: 400;\">Localiza\u00e7\u00e3o:\u00a0<\/span><b>Porto Alegre (RS)<\/b><\/p>\n<p><b>PRODUTO IMOBILI\u00c1RIO<\/b><b><br \/>\n<\/b><span style=\"font-weight: 400;\">Case:\u00a0<\/span><b>Nilo Square<\/b><b><br \/>\n<\/b><span style=\"font-weight: 400;\">Empresa:\u00a0<\/span><b>Melnick Desenvolvimento Imobili\u00e1rio<\/b><b><br \/>\n<\/b><span style=\"font-weight: 400;\">Localiza\u00e7\u00e3o:\u00a0<\/span><b>Porto Alegre (RS)<\/b><\/p>\n<p><b>PRODUTO IMOBILI\u00c1RIO<\/b><b><br \/>\n<\/b><span style=\"font-weight: 400;\">Case:\u00a0<\/span><b>Cidade Opus<\/b><b><br \/>\n<\/b><span style=\"font-weight: 400;\">Empresa:\u00a0<\/span><b>Opus Incorporadora<\/b><b><br \/>\n<\/b><span style=\"font-weight: 400;\">Localiza\u00e7\u00e3o:\u00a0<\/span><b>Goi\u00e2nia (GO)<\/b><\/p>\n<p><b>COMERCIALIZA\u00c7\u00c3O<\/b><b><br \/>\n<\/b><span style=\"font-weight: 400;\">Case:\u00a0<\/span><b>Lieu Unique: singular no conceito e no resultado<\/b><b><br \/>\n<\/b><span style=\"font-weight: 400;\">Empresa:\u00a0<\/span><b>Plaenge<\/b><b><br \/>\n<\/b><span style=\"font-weight: 400;\">Localiza\u00e7\u00e3o:\u00a0<\/span><b>Campo Grande (MS)<\/b><\/p>\n<p><b>COMPROMISSO ESG<\/b><b><br \/>\n<\/b><span style=\"font-weight: 400;\">Case:\u00a0<\/span><b>Sustentabilidade rumo a 2030<\/b><b><br \/>\n<\/b><span style=\"font-weight: 400;\">Empresa:\u00a0<\/span><b>Tegra Incorporadora<\/b><b><br \/>\n<\/b><span style=\"font-weight: 400;\">Localiza\u00e7\u00e3o:\u00a0<\/span><b>S\u00e3o Paulo (SP)<\/b><\/p>\n<p><b>ESTRUTURA\u00c7\u00c3O IMOBILI\u00c1RIA<\/b><b><br \/>\n<\/b><span style=\"font-weight: 400;\">Case:<\/span><b>\u00a0Complexo Multiuso Alto das Na\u00e7\u00f5es<\/b><b><br \/>\n<\/b><span style=\"font-weight: 400;\">Empresa:<\/span><b>\u00a0WTorre<\/b><b><br \/>\n<\/b><span style=\"font-weight: 400;\">Localiza\u00e7\u00e3o:\u00a0<\/span><b>S\u00e3o Paulo (SP)<\/b><span style=\"font-weight: 400;\">Uma das 24 p\u00e1ginas do caderno especial do \u201cEstad\u00e3o\u201d sobre o Pr\u00eamio Master Imobili\u00e1rio, dia 28, foi dedicada ao empreendimento de alto padr\u00e3o Reserva da Serra do Itapety, das empresas Helbor e Alden, no munic\u00edpio de Mogi das Cruzes, no leste da regi\u00e3o metropolitana de S\u00e3o Paulo. Trata-se de um tema que tem tudo a ver com a atividade dos associados da AELO. Sendo assim, a reportagem do jornal \u00e9 reproduzida, a seguir, neste boletim AELO ON:<\/span><\/p>\n<p><span style=\"font-weight: 400;\">O projeto da Reserva da Serra do Itapety foi premiado na categoria Solu\u00e7\u00f5es Urban\u00edsticas. Com \u00e1rea de 10,5 milh\u00f5es de metros quadrados, \u00e9 o maior projeto de desenvolvimento urbano do entorno da Capital e ser\u00e1 dividido em tr\u00eas setores: serra, bairro e cidade. Na foto, um \u00e2ngulo da imensa \u00e1rea, em que prevalece o verde.<\/span><span style=\"font-weight: 400;\">No bairro, o residencial Fazenda Itapety contempla um loteamento fechado, com 714 lotes, que ocupam apenas 26% da \u00e1rea de 1,4 milh\u00e3o de m\u00b2. Com edifica\u00e7\u00f5es horizontais, certifica\u00e7\u00e3o ambiental, espa\u00e7os de lazer e conviv\u00eancia, o projeto tem urbanismo a cargo da empresa Aflalo\/Gasperini, paisagismo de Benedito Abbud, arquitetura de Wilson Marchi e arquitetura de interiores de Sandra Pini. De acordo com o j\u00fari do\u00a0<\/span><a href=\"https:\/\/www.estadao.com.br\/tudo-sobre\/premio-master-imobiliario\/\"><span style=\"font-weight: 400;\">Master Imobili\u00e1rio<\/span><\/a><b>,<\/b><span style=\"font-weight: 400;\"> \u201ca qualidade urban\u00edstica do projeto foi reconhecida e premiada nesta edi\u00e7\u00e3o\u201d.<\/span><\/p>\n<p><span style=\"font-weight: 400;\">O empreendimento ter\u00e1 selo Aqua-HQE, derivado da certifica\u00e7\u00e3o francesa HQE e aplicado no Brasil pela Funda\u00e7\u00e3o Vanzolini. E representa alta qualidade ambiental, considerando como referenciais t\u00e9cnicos a cultura, o clima, as normas t\u00e9cnicas e a regulamenta\u00e7\u00e3o brasileira.<\/span><\/p>\n<p><span style=\"font-weight: 400;\">O residencial possui lote m\u00e9dio de 527 m\u00b2, ao pre\u00e7o de R$ 1.400 por m\u00b2. No lan\u00e7amento, as vendas atingiram 100% dos 236 lotes oferecidos, com um valor geral de vendas (VGV) de R$ 150 milh\u00f5es.<\/span><\/p>\n<p><span style=\"font-weight: 400;\">Por conta da sua dimens\u00e3o, o projeto ser\u00e1 desenvolvido em 13 etapas ao longo de 50 anos. Dos 10 milh\u00f5es de m\u00b2 de \u00e1rea, 44% ficam preservados de forma perp\u00e9tua, 36% se destinam a espa\u00e7os de lazer e conviv\u00eancia, al\u00e9m de novas \u00e1reas verdes, e 20% ficam para residenciais e comerciais.<\/span><span style=\"font-weight: 400;\">O Encontro do Mercado Imobili\u00e1rio de S\u00e3o Jos\u00e9 dos Campos, realizado em 28 de setembro, reuniu l\u00edderes e profissionais do setor, al\u00e9m de autoridades governamentais, entre as quais o vice-governador de S\u00e3o Paulo, Fel\u00edcio Ramuth, que foi prefeito de S\u00e3o Jos\u00e9. A organiza\u00e7\u00e3o ficou por conta da din\u00e2mica \u00c2ngela Paiva, diretora Regional do Secovi-SP e delegada Regional da AELO no Vale do Para\u00edba, al\u00e9m de membro do Conselho Consultivo da AELO.<\/span><\/p>\n<p><span style=\"font-weight: 400;\">Foi uma reuni\u00e3o-almo\u00e7o no Espa\u00e7o Casa Vista, que teve interessante palestra do advogado Olivar Vitale sobre a cria\u00e7\u00e3o do Sistema Eletr\u00f4nico de Registros P\u00fablicos (SERP) \u2013 Lei 14.382\/2022, as altera\u00e7\u00f5es na Lei de Registros P\u00fablicos, de Incorpora\u00e7\u00e3o e de Loteamento e os impactos nos segmentos de incorpora\u00e7\u00e3o, loteamento e intermedia\u00e7\u00e3o de im\u00f3veis.<\/span><\/p>\n<p><span style=\"font-weight: 400;\">Al\u00e9m do vice-governador Fel\u00edcio Ramuth e de empres\u00e1rios do Vale, estiveram no evento o presidente executivo CEO do Secovi-SP, Ely Wertheim, e o vice-presidente do Interior da entidade, Frederico Marcondes Cesar.<\/span><\/p>\n<p><span style=\"font-weight: 400;\">O AELO ON abre espa\u00e7o para o Encontro, com fotos de Gilberto Freitas, do jornal \u201cO Vale\u201d, ao qual agradecemos, e com textos baseados na imprensa local.<\/span><span style=\"font-weight: 400;\">Esta foto mostra, da esquerda para a direita, Eduardo Marcondes Cesar, \u00c2ngela Paiva, Olivar Vitale e Ely Wertheim.<\/span><span style=\"font-weight: 400;\">O jornal \u201cO Vale\u201d, de S\u00e3o Jos\u00e9, principal ve\u00edculo da m\u00eddia do Vale do Para\u00edba, fez ampla cobertura do Encontro do Mercado Imobili\u00e1rio. Bastante respeitada pelos jornalistas da regi\u00e3o, \u00c2ngela vem conquistando espa\u00e7o para divulgar seus eventos, geralmente de grande import\u00e2ncia para o setor imobili\u00e1rio, como ressalta o diretor de Assuntos Regionais da AELO, Elias Zitune.<\/span><span style=\"font-weight: 400;\">Nesta nota do AELO ON, \u00e9 reproduzida a p\u00e1gina inteira de cobertura do Encontro do Mercado Imobili\u00e1rio elo jornal \u201cO Vale\u201d, cujo t\u00edtulo foi \u201cSistema eletr\u00f4nico de registros p\u00fablicos pauta evento em S\u00e3o Jos\u00e9, com fotos de \u00c2ngela Paiva e Frederico Marcondes Cesar.<\/span><\/p>\n<p><span style=\"font-weight: 400;\">A coordenadora do evento, \u00c2ngela Paiva, explicou a import\u00e2ncia da presen\u00e7a do advogado Olivar Vitale em S\u00e3o Jos\u00e9 para falar do Sistema Eletr\u00f4nico de Registros P\u00fablicos: \u201cO sistema representa um importante avan\u00e7o, pois padroniza, simplifica e agiliza procedimentos relacionados ao registro p\u00fablico, al\u00e9m de aumentar a seguran\u00e7a no ambiente de neg\u00f3cios e contribuir para a dissemina\u00e7\u00e3o de melhores pr\u00e1ticas\u201d.<\/span><\/p>\n<p><span style=\"font-weight: 400;\">O experiente advogado Olivar Vitale foi bastante aplaudido ao encerrar sua explana\u00e7\u00e3o no Encontro do Mercado Imobili\u00e1rio de S\u00e3o Jos\u00e9 dos Campos. Ele \u00e9 s\u00f3cio fundador do escrit\u00f3rio VBD Advogados, fundador e diretor institucional do Instituto Brasileiro de Direito Imobili\u00e1rio (Ibradim) e conselheiro jur\u00eddico do Secovi-SP e do SiundusCon-SP.<\/span><span style=\"font-weight: 400;\">O ingresso para o Encontro do Mercado Imobili\u00e1rio foi solid\u00e1rio \u2013 uma lata de leite em p\u00f3. As doa\u00e7\u00f5es foram encaminhadas ao Lar Nossa Senhora da Salette, em S\u00e3o Jos\u00e9. A empres\u00e1ria imobili\u00e1ria \u00c2ngela Paiva, organizadora do evento e que, al\u00e9m de ser diretora da empresa Urbavale Construtora e Imobili\u00e1ria e tamb\u00e9m membro da AELO e do Secovi-SP, participa ativamente de a\u00e7\u00f5es sociais no entorno de S\u00e3o Jos\u00e9 dos Campos.<\/span><span style=\"font-weight: 400;\">Nesta foto, est\u00e3o \u00c2ngela Paiva e o vice-governador Fel\u00edcio Ramuth, durante o evento do dia 28. Em seus tempos de prefeito de S\u00e3o Jos\u00e9, antes de concorrer \u00e0s elei\u00e7\u00f5es de 2022 na chapa do governador Tarc\u00edsio de Freitas, Fel\u00edcio Ramuth teve em \u00c2ngela uma interlocutora de confian\u00e7a, inclusive para o aprimoramento da Lei de Zoneamento do munic\u00edpio. Renata Paiva, irm\u00e3 de \u00c2ngela, exerceu, igualmente, um papel importante na gest\u00e3o de S\u00e3o Jos\u00e9 e na conclus\u00e3o do acordo para que Fel\u00edcio viesse a se candidatar a vice-governador.\u00a0<\/span><\/p>\n<p><span style=\"font-weight: 400;\">Fel\u00edcio Ramuth tem demonstrado grande respeito pelo trabalho das empresas de loteamento e desenvolvimento urbano em S\u00e3o Jos\u00e9 e pela atua\u00e7\u00e3o do Secovi-SP e da AELO.<\/span><strong>AELO: (11) 3289-1788<\/strong><strong>\u00a0\u00a0\u00a0\u00a0\u00a0\u00a0\u00a0 <\/strong><a href=\"https:\/\/aelo.com.br\/edicoes-anteriores\">www.aelo.com.br<\/a><\/p>\n","protected":false},"excerpt":{"rendered":"<p>Boletim Online Informativo Peri\u00f3dico Ano 22\u2013 N.\u00ba 959 S\u00e3o Paulo, 05 de outubro de 2023 Nesta quinta-feira, 5 de outubro, das 19 \u00e0s 22 horas, dever\u00e1 ocorrer o Encontro de Encerramento do 33.\u00ba Programa de Cursos de Atividades Espec\u00edficas de Loteamentos. O programa \u00e9 uma iniciativa da Universidade Corporativa Secovi, que leva adiante os cursos [&hellip;]<\/p>\n","protected":false},"author":2,"featured_media":0,"parent":0,"menu_order":0,"comment_status":"closed","ping_status":"closed","template":"","meta":{"footnotes":""},"yoast_head":"<!-- This site is optimized with the Yoast SEO Premium plugin v22.8 (Yoast SEO v22.8) - https:\/\/yoast.com\/wordpress\/plugins\/seo\/ -->\n<title>Boletim Online 959 - Aelo<\/title>\n<meta name=\"robots\" content=\"index, follow, max-snippet:-1, max-image-preview:large, max-video-preview:-1\" \/>\n<link rel=\"canonical\" href=\"https:\/\/aelo.com.br\/edicoes-anteriores\/boletim-online-959\/\" \/>\n<meta property=\"og:locale\" content=\"pt_BR\" \/>\n<meta property=\"og:type\" content=\"article\" \/>\n<meta property=\"og:title\" content=\"Boletim Online 959\" \/>\n<meta property=\"og:description\" content=\"Boletim Online Informativo Peri\u00f3dico Ano 22\u2013 N.\u00ba 959 S\u00e3o Paulo, 05 de outubro de 2023 Nesta quinta-feira, 5 de outubro, das 19 \u00e0s 22 horas, dever\u00e1 ocorrer o Encontro de Encerramento do 33.\u00ba Programa de Cursos de Atividades Espec\u00edficas de Loteamentos. O programa \u00e9 uma iniciativa da Universidade Corporativa Secovi, que leva adiante os cursos [&hellip;]\" \/>\n<meta property=\"og:url\" content=\"https:\/\/aelo.com.br\/edicoes-anteriores\/boletim-online-959\/\" \/>\n<meta property=\"og:site_name\" content=\"Aelo\" \/>\n<meta name=\"twitter:card\" content=\"summary_large_image\" \/>\n<meta name=\"twitter:label1\" content=\"Est. tempo de leitura\" \/>\n\t<meta name=\"twitter:data1\" content=\"24 minutos\" \/>\n<script type=\"application\/ld+json\" class=\"yoast-schema-graph\">{\"@context\":\"https:\/\/schema.org\",\"@graph\":[{\"@type\":\"WebPage\",\"@id\":\"https:\/\/aelo.com.br\/edicoes-anteriores\/boletim-online-959\/\",\"url\":\"https:\/\/aelo.com.br\/edicoes-anteriores\/boletim-online-959\/\",\"name\":\"Boletim Online 959 - Aelo\",\"isPartOf\":{\"@id\":\"https:\/\/aelo.com.br\/edicoes-anteriores\/#website\"},\"datePublished\":\"2024-07-16T19:15:17+00:00\",\"dateModified\":\"2024-07-16T19:15:17+00:00\",\"breadcrumb\":{\"@id\":\"https:\/\/aelo.com.br\/edicoes-anteriores\/boletim-online-959\/#breadcrumb\"},\"inLanguage\":\"pt-BR\",\"potentialAction\":[{\"@type\":\"ReadAction\",\"target\":[\"https:\/\/aelo.com.br\/edicoes-anteriores\/boletim-online-959\/\"]}]},{\"@type\":\"BreadcrumbList\",\"@id\":\"https:\/\/aelo.com.br\/edicoes-anteriores\/boletim-online-959\/#breadcrumb\",\"itemListElement\":[{\"@type\":\"ListItem\",\"position\":1,\"name\":\"In\u00edcio\",\"item\":\"https:\/\/aelo.com.br\/edicoes-anteriores\/\"},{\"@type\":\"ListItem\",\"position\":2,\"name\":\"Boletim Online 959\"}]},{\"@type\":\"WebSite\",\"@id\":\"https:\/\/aelo.com.br\/edicoes-anteriores\/#website\",\"url\":\"https:\/\/aelo.com.br\/edicoes-anteriores\/\",\"name\":\"Aelo\",\"description\":\"Associa\u00e7\u00e3o das Empresas de Loteamento e Desenvolvimento Urbano\",\"publisher\":{\"@id\":\"https:\/\/aelo.com.br\/edicoes-anteriores\/#organization\"},\"potentialAction\":[{\"@type\":\"SearchAction\",\"target\":{\"@type\":\"EntryPoint\",\"urlTemplate\":\"https:\/\/aelo.com.br\/edicoes-anteriores\/?s={search_term_string}\"},\"query-input\":\"required name=search_term_string\"}],\"inLanguage\":\"pt-BR\"},{\"@type\":\"Organization\",\"@id\":\"https:\/\/aelo.com.br\/edicoes-anteriores\/#organization\",\"name\":\"Aelo\",\"url\":\"https:\/\/aelo.com.br\/edicoes-anteriores\/\",\"logo\":{\"@type\":\"ImageObject\",\"inLanguage\":\"pt-BR\",\"@id\":\"https:\/\/aelo.com.br\/edicoes-anteriores\/#\/schema\/logo\/image\/\",\"url\":\"https:\/\/aelo.com.br\/edicoes-anteriores\/wp-content\/uploads\/2024\/03\/logo-bk.svg\",\"contentUrl\":\"https:\/\/aelo.com.br\/edicoes-anteriores\/wp-content\/uploads\/2024\/03\/logo-bk.svg\",\"width\":159,\"height\":39,\"caption\":\"Aelo\"},\"image\":{\"@id\":\"https:\/\/aelo.com.br\/edicoes-anteriores\/#\/schema\/logo\/image\/\"}}]}<\/script>\n<!-- \/ Yoast SEO Premium plugin. -->","yoast_head_json":{"title":"Boletim Online 959 - Aelo","robots":{"index":"index","follow":"follow","max-snippet":"max-snippet:-1","max-image-preview":"max-image-preview:large","max-video-preview":"max-video-preview:-1"},"canonical":"https:\/\/aelo.com.br\/edicoes-anteriores\/boletim-online-959\/","og_locale":"pt_BR","og_type":"article","og_title":"Boletim Online 959","og_description":"Boletim Online Informativo Peri\u00f3dico Ano 22\u2013 N.\u00ba 959 S\u00e3o Paulo, 05 de outubro de 2023 Nesta quinta-feira, 5 de outubro, das 19 \u00e0s 22 horas, dever\u00e1 ocorrer o Encontro de Encerramento do 33.\u00ba Programa de Cursos de Atividades Espec\u00edficas de Loteamentos. O programa \u00e9 uma iniciativa da Universidade Corporativa Secovi, que leva adiante os cursos [&hellip;]","og_url":"https:\/\/aelo.com.br\/edicoes-anteriores\/boletim-online-959\/","og_site_name":"Aelo","twitter_card":"summary_large_image","twitter_misc":{"Est. tempo de leitura":"24 minutos"},"schema":{"@context":"https:\/\/schema.org","@graph":[{"@type":"WebPage","@id":"https:\/\/aelo.com.br\/edicoes-anteriores\/boletim-online-959\/","url":"https:\/\/aelo.com.br\/edicoes-anteriores\/boletim-online-959\/","name":"Boletim Online 959 - Aelo","isPartOf":{"@id":"https:\/\/aelo.com.br\/edicoes-anteriores\/#website"},"datePublished":"2024-07-16T19:15:17+00:00","dateModified":"2024-07-16T19:15:17+00:00","breadcrumb":{"@id":"https:\/\/aelo.com.br\/edicoes-anteriores\/boletim-online-959\/#breadcrumb"},"inLanguage":"pt-BR","potentialAction":[{"@type":"ReadAction","target":["https:\/\/aelo.com.br\/edicoes-anteriores\/boletim-online-959\/"]}]},{"@type":"BreadcrumbList","@id":"https:\/\/aelo.com.br\/edicoes-anteriores\/boletim-online-959\/#breadcrumb","itemListElement":[{"@type":"ListItem","position":1,"name":"In\u00edcio","item":"https:\/\/aelo.com.br\/edicoes-anteriores\/"},{"@type":"ListItem","position":2,"name":"Boletim Online 959"}]},{"@type":"WebSite","@id":"https:\/\/aelo.com.br\/edicoes-anteriores\/#website","url":"https:\/\/aelo.com.br\/edicoes-anteriores\/","name":"Aelo","description":"Associa\u00e7\u00e3o das Empresas de Loteamento e Desenvolvimento Urbano","publisher":{"@id":"https:\/\/aelo.com.br\/edicoes-anteriores\/#organization"},"potentialAction":[{"@type":"SearchAction","target":{"@type":"EntryPoint","urlTemplate":"https:\/\/aelo.com.br\/edicoes-anteriores\/?s={search_term_string}"},"query-input":"required name=search_term_string"}],"inLanguage":"pt-BR"},{"@type":"Organization","@id":"https:\/\/aelo.com.br\/edicoes-anteriores\/#organization","name":"Aelo","url":"https:\/\/aelo.com.br\/edicoes-anteriores\/","logo":{"@type":"ImageObject","inLanguage":"pt-BR","@id":"https:\/\/aelo.com.br\/edicoes-anteriores\/#\/schema\/logo\/image\/","url":"https:\/\/aelo.com.br\/edicoes-anteriores\/wp-content\/uploads\/2024\/03\/logo-bk.svg","contentUrl":"https:\/\/aelo.com.br\/edicoes-anteriores\/wp-content\/uploads\/2024\/03\/logo-bk.svg","width":159,"height":39,"caption":"Aelo"},"image":{"@id":"https:\/\/aelo.com.br\/edicoes-anteriores\/#\/schema\/logo\/image\/"}}]}},"_links":{"self":[{"href":"https:\/\/aelo.com.br\/edicoes-anteriores\/wp-json\/wp\/v2\/pages\/16465"}],"collection":[{"href":"https:\/\/aelo.com.br\/edicoes-anteriores\/wp-json\/wp\/v2\/pages"}],"about":[{"href":"https:\/\/aelo.com.br\/edicoes-anteriores\/wp-json\/wp\/v2\/types\/page"}],"author":[{"embeddable":true,"href":"https:\/\/aelo.com.br\/edicoes-anteriores\/wp-json\/wp\/v2\/users\/2"}],"replies":[{"embeddable":true,"href":"https:\/\/aelo.com.br\/edicoes-anteriores\/wp-json\/wp\/v2\/comments?post=16465"}],"version-history":[{"count":1,"href":"https:\/\/aelo.com.br\/edicoes-anteriores\/wp-json\/wp\/v2\/pages\/16465\/revisions"}],"predecessor-version":[{"id":16479,"href":"https:\/\/aelo.com.br\/edicoes-anteriores\/wp-json\/wp\/v2\/pages\/16465\/revisions\/16479"}],"wp:attachment":[{"href":"https:\/\/aelo.com.br\/edicoes-anteriores\/wp-json\/wp\/v2\/media?parent=16465"}],"curies":[{"name":"wp","href":"https:\/\/api.w.org\/{rel}","templated":true}]}}